{"version":"1.0","provider_name":"Institut fran\u00e7ais","provider_url":"https:\/\/www.france.fi\/fr\/","author_name":"Equipe IFF","author_url":"https:\/\/www.france.fi\/fr\/author\/iffadmin\/","title":"Soir\u00e9e litt\u00e9raire avec Cristina Sandu & Claire Saint-Germain - Institut fran\u00e7ais","type":"rich","width":600,"height":338,"html":"<blockquote class=\"wp-embedded-content\" data-secret=\"1qZj9CBjSo\"><a href=\"https:\/\/www.france.fi\/fr\/culture\/soiree-litteraire-avec-cristina-sandu-claire-saint-germain\/\">Soir\u00e9e litt\u00e9raire avec Cristina Sandu &#038; Claire Saint-Germain<\/a><\/blockquote><iframe sandbox=\"allow-scripts\" security=\"restricted\" src=\"https:\/\/www.france.fi\/fr\/culture\/soiree-litteraire-avec-cristina-sandu-claire-saint-germain\/embed\/#?secret=1qZj9CBjSo\" width=\"600\" height=\"338\" title=\"\u00ab\u00a0Soir\u00e9e litt\u00e9raire avec Cristina Sandu &#038; Claire Saint-Germain\u00a0\u00bb &#8212; Institut fran\u00e7ais\" data-secret=\"1qZj9CBjSo\" frameborder=\"0\" marginwidth=\"0\" marginheight=\"0\" scrolling=\"no\" class=\"wp-embedded-content\"><\/iframe><script>\n\/*! This file is auto-generated *\/\n!function(d,l){\"use strict\";l.querySelector&&d.addEventListener&&\"undefined\"!=typeof URL&&(d.wp=d.wp||{},d.wp.receiveEmbedMessage||(d.wp.receiveEmbedMessage=function(e){var t=e.data;if((t||t.secret||t.message||t.value)&&!\/[^a-zA-Z0-9]\/.test(t.secret)){for(var s,r,n,a=l.querySelectorAll('iframe[data-secret=\"'+t.secret+'\"]'),o=l.querySelectorAll('blockquote[data-secret=\"'+t.secret+'\"]'),c=new RegExp(\"^https?:$\",\"i\"),i=0;i<o.length;i++)o[i].style.display=\"none\";for(i=0;i<a.length;i++)s=a[i],e.source===s.contentWindow&&(s.removeAttribute(\"style\"),\"height\"===t.message?(1e3<(r=parseInt(t.value,10))?r=1e3:~~r<200&&(r=200),s.height=r):\"link\"===t.message&&(r=new URL(s.getAttribute(\"src\")),n=new URL(t.value),c.test(n.protocol))&&n.host===r.host&&l.activeElement===s&&(d.top.location.href=t.value))}},d.addEventListener(\"message\",d.wp.receiveEmbedMessage,!1),l.addEventListener(\"DOMContentLoaded\",function(){for(var e,t,s=l.querySelectorAll(\"iframe.wp-embedded-content\"),r=0;r<s.length;r++)(t=(e=s[r]).getAttribute(\"data-secret\"))||(t=Math.random().toString(36).substring(2,12),e.src+=\"#?secret=\"+t,e.setAttribute(\"data-secret\",t)),e.contentWindow.postMessage({message:\"ready\",secret:t},\"*\")},!1)))}(window,document);\n\/\/# sourceURL=https:\/\/www.france.fi\/wp-includes\/js\/wp-embed.min.js\n<\/script>\n","thumbnail_url":"https:\/\/www.france.fi\/wp-content\/uploads\/2023\/03\/Soiree-litteraire-1098x617.jpg","thumbnail_width":1280,"thumbnail_height":720,"description":"Pour c\u00e9l\u00e9brer les 30 ans de l\u2019adh\u00e9sion de la Roumanie \u00e0 l\u2019Organisation Internationale de la Francophonie l\u2019Ambassade de Roumanie et l\u2019Institut fran\u00e7ais de Finlande vous invitent \u00e1 une soir\u00e9e litt\u00e9raire en pr\u00e9sence de l\u2019auteur Cristina Sandu et de sa traductrice Claire Saint-Germain\u202f!"}