{"version":"1.0","provider_name":"Institut fran\u00e7ais","provider_url":"https:\/\/www.france.fi\/fr\/","author_name":"Equipe IFF","author_url":"https:\/\/www.france.fi\/fr\/author\/iffadmin\/","title":"TEF \u2013 Test d\u2019\u00c9valuation du Fran\u00e7ais - Institut fran\u00e7ais","type":"rich","width":600,"height":338,"html":"<blockquote class=\"wp-embedded-content\" data-secret=\"5aN95t4ENX\"><a href=\"https:\/\/www.france.fi\/fr\/tests-et-examens\/tef-test-devaluation-du-francais\/\">TEF \u2013 Test d\u2019\u00c9valuation du Fran\u00e7ais<\/a><\/blockquote><iframe sandbox=\"allow-scripts\" security=\"restricted\" src=\"https:\/\/www.france.fi\/fr\/tests-et-examens\/tef-test-devaluation-du-francais\/embed\/#?secret=5aN95t4ENX\" width=\"600\" height=\"338\" title=\"\u00ab\u00a0TEF \u2013 Test d\u2019\u00c9valuation du Fran\u00e7ais\u00a0\u00bb &#8212; Institut fran\u00e7ais\" data-secret=\"5aN95t4ENX\" frameborder=\"0\" marginwidth=\"0\" marginheight=\"0\" scrolling=\"no\" class=\"wp-embedded-content\"><\/iframe><script>\n\/*! This file is auto-generated *\/\n!function(d,l){\"use strict\";l.querySelector&&d.addEventListener&&\"undefined\"!=typeof URL&&(d.wp=d.wp||{},d.wp.receiveEmbedMessage||(d.wp.receiveEmbedMessage=function(e){var t=e.data;if((t||t.secret||t.message||t.value)&&!\/[^a-zA-Z0-9]\/.test(t.secret)){for(var s,r,n,a=l.querySelectorAll('iframe[data-secret=\"'+t.secret+'\"]'),o=l.querySelectorAll('blockquote[data-secret=\"'+t.secret+'\"]'),c=new RegExp(\"^https?:$\",\"i\"),i=0;i<o.length;i++)o[i].style.display=\"none\";for(i=0;i<a.length;i++)s=a[i],e.source===s.contentWindow&&(s.removeAttribute(\"style\"),\"height\"===t.message?(1e3<(r=parseInt(t.value,10))?r=1e3:~~r<200&&(r=200),s.height=r):\"link\"===t.message&&(r=new URL(s.getAttribute(\"src\")),n=new URL(t.value),c.test(n.protocol))&&n.host===r.host&&l.activeElement===s&&(d.top.location.href=t.value))}},d.addEventListener(\"message\",d.wp.receiveEmbedMessage,!1),l.addEventListener(\"DOMContentLoaded\",function(){for(var e,t,s=l.querySelectorAll(\"iframe.wp-embedded-content\"),r=0;r<s.length;r++)(t=(e=s[r]).getAttribute(\"data-secret\"))||(t=Math.random().toString(36).substring(2,12),e.src+=\"#?secret=\"+t,e.setAttribute(\"data-secret\",t)),e.contentWindow.postMessage({message:\"ready\",secret:t},\"*\")},!1)))}(window,document);\n\/\/# sourceURL=https:\/\/www.france.fi\/wp-includes\/js\/wp-embed.min.js\n<\/script>\n","description":"Contrairement au DELF et au DALF, le candidat ne choisit pas un niveau au moment de son inscription : Le TEF est un test progressif multiniveau (du A1 au C2) compos\u00e9 de cinq \u00e9preuves (compr\u00e9hension orale, compr\u00e9hension \u00e9crite, expression orale, expression \u00e9crite et lexique et structure), d\u00e9livr\u00e9 par la Chambre de Commerce et d\u2019Industrie de [&hellip;]"}