{"id":11,"date":"2020-06-12T14:46:52","date_gmt":"2020-06-12T11:46:52","guid":{"rendered":"https:\/\/finlande.ifrancais.pp.smol.fr\/?page_id=11"},"modified":"2026-03-12T15:31:48","modified_gmt":"2026-03-12T13:31:48","slug":"tests-et-examens","status":"publish","type":"page","link":"https:\/\/www.france.fi\/fr\/tests-et-examens\/","title":{"rendered":"Examens"},"content":{"rendered":"\n<p>L\u2019Institut fran\u00e7ais de Finlande vous offre la possibilit\u00e9 de passer des certifications de langue fran\u00e7aise d\u00e9livr\u00e9es par le Minist\u00e8re fran\u00e7ais de l\u2019\u00e9ducation nationale ou la Chambre de commerce et d\u2019industrie de Paris et reconnues internationalement.<\/p>\n<p>Parmi notre offre, vous retrouverez les dipl\u00f4mes DELF \/ DALF ainsi que les TEF (test d\u2019\u00e9valuation de fran\u00e7ais).<\/p>\n\n\n\n<details class=\"wp-block-details is-layout-flow wp-block-details-is-layout-flow\"><summary><strong>Quelle certification est faite pour moi&nbsp;?<\/strong><\/summary>\n<ol>\n<li><strong>Je veux me fixer un objectif dans mon apprentissage du fran\u00e7ais<br \/><\/strong><em>\u21d2Je passe le<\/em><em>\u00a0<\/em><span style=\"color: #3366ff;\"><strong><a style=\"color: #3366ff;\" href=\"https:\/\/www.france.fi\/fr\/centre-de-langue\/tests-et-examens\/delf-dalf-tout-public\/\"><em>DELF\u00a0ou le DALF Tout public<\/em><\/a><\/strong><\/span><em>, ou le\u00a0<\/em><span style=\"color: #3366ff;\"><a style=\"color: #3366ff;\" href=\"https:\/\/www.france.fi\/fr\/centre-de-langue\/tests-et-examens\/tef-test-devaluation-du-francais\/\"><strong><em>TEF tout public<\/em><\/strong><\/a><em>.<\/em><\/span><\/li>\n<li><strong>Je veux motiver mon enfant<br \/><\/strong><em>\u21d2J<\/em><em>\u2019inscris mon enfant au<\/em><em>\u00a0<\/em><span style=\"color: #3366ff;\"><a style=\"color: #3366ff;\" href=\"https:\/\/www.france.fi\/fr\/centre-de-langue\/tests-et-examens\/delf-prim-junior-pour-les-enfants-ados\/\"><strong><em>DELF Junior<\/em><\/strong><\/a><em>\u00a0<\/em><\/span><\/li>\n<li><strong>Je veux \u00e9tudier en France<br \/><\/strong><em>\u21d2Je passe le<\/em><em>\u00a0<\/em><span style=\"color: #3366ff;\"><a style=\"color: #3366ff;\" href=\"https:\/\/www.france.fi\/fr\/centre-de-langue\/tests-et-examens\/delf-dalf-tout-public\/\"><strong><em>DELF B2 <\/em><\/strong><\/a><\/span><em>(entr\u00e9e en universit\u00e9 au niveau licence), le\u00a0<\/em><span style=\"color: #3366ff;\"><a style=\"color: #3366ff;\" href=\"https:\/\/www.france.fi\/fr\/centre-de-langue\/tests-et-examens\/delf-dalf-tout-public\/\"><strong><em>DALF C1<\/em><\/strong><\/a><\/span><em><span style=\"color: #3366ff;\">\u00a0<\/span>(entr\u00e9e en universit\u00e9 au niveau Master),\u00a0ou le\u00a0<\/em><span style=\"color: #3366ff;\"><a style=\"color: #3366ff;\" href=\"https:\/\/www.france.fi\/fr\/centre-de-langue\/tests-et-examens\/tef-test-devaluation-du-francais\/\"><strong><em>TEF \u00c9tudes.<\/em><\/strong><\/a><\/span><\/li>\n<li><strong>Je veux travailler en France ou valoriser mon CV\u00a0<br \/><\/strong><em>\u21d2Je passe<\/em><em>\u00a0le<\/em><em>\u00a0<\/em><span style=\"color: #3366ff;\"><a style=\"color: #3366ff;\" href=\"https:\/\/www.france.fi\/fr\/centre-de-langue\/tests-et-examens\/tef-test-devaluation-du-francais\/\"><strong><em>TEF tout public <\/em><\/strong><\/a><\/span><em>ou le\u00a0<\/em><span style=\"color: #3366ff;\"><a style=\"color: #3366ff;\" href=\"https:\/\/www.france.fi\/fr\/centre-de-langue\/tests-et-examens\/delf-dalf-tout-public\/\"><strong><em>DELF\u00a0ou le\u00a0DALF Tout public<\/em><\/strong><\/a><\/span><\/li>\n<li><strong>Je veux \u00e9migrer ou me faire naturaliser en France ou au Canada<br \/><\/strong><em>\u21d2Je passe<\/em><em>\u00a0le<\/em><em>\u00a0<\/em><span style=\"color: #3366ff;\"><a style=\"color: #3366ff;\" href=\"https:\/\/www.france.fi\/fr\/centre-de-langue\/tests-et-examens\/tef-test-devaluation-du-francais\/\"><strong><em>TEF IRN <\/em><\/strong><\/a><\/span><em>(Int\u00e9gration, R\u00e9sidence et Nationalit\u00e9)<br \/><\/em><em>\u21d2Pour <\/em><em>\u00e9migrer au Canada, je passe<\/em><em>\u00a0le<\/em><em>\u00a0<\/em><span style=\"color: #3366ff;\"><a style=\"color: #3366ff;\" href=\"https:\/\/www.france.fi\/fr\/centre-de-langue\/tests-et-examens\/tef-test-devaluation-du-francais\/\"><strong><em>TEF Canada<\/em><\/strong><\/a><\/span><em>. Pour \u00e9migrer au Qu\u00e9bec, je passe le\u00a0<strong><span style=\"color: #3366ff;\"><a style=\"color: #3366ff;\" href=\"https:\/\/www.france.fi\/fr\/centre-de-langue\/tests-et-examens\/tef-test-devaluation-du-francais\/\">TEFaQ<\/a><\/span>\u00a0(Qu\u00e9bec)<\/strong>.\u00a0<\/em><\/li>\n<\/ol>\n<\/details>\n\n\n\n<details class=\"wp-block-details is-layout-flow wp-block-details-is-layout-flow\"><summary><strong>Comment me pr\u00e9parer&nbsp;?<\/strong><\/summary>\n<p>Pour ceux qui souhaitent se pr\u00e9parer aux examens DELF \/ DALF, nous proposons des <strong><span style=\"color: #3366ff;\"><a style=\"color: #3366ff;\" href=\"https:\/\/www.france.fi\/fr\/apprendre-le-francais\/tests-et-examens\/delf-dalf-tout-public\/#\/?classTypeIds=4&amp;subjectIds=1\" data-wplink-edit=\"true\">cours de pr\u00e9paration<\/a><\/span><\/strong> adapt\u00e9s aux niveaux B1 \u2013 B2.<\/p>\n<\/details>\n\n\n\n<details class=\"wp-block-details is-layout-flow wp-block-details-is-layout-flow\"><summary><strong>Dipl\u00f4mes pour enseigner le fran\u00e7ais langue \u00e9trang\u00e8re<\/strong><\/summary>\n<p>Pour toute information compl\u00e9mentaire concernant les masters de FLE \u00e0 distance en France, contactez St\u00e9phane Alati (<span style=\"color: #3366ff;\">stephane.alati@france.fi<\/span>). Les universit\u00e9s de Helsinki et de Turku (en partenariat avec \u00c5bo Akademi et l\u2019universit\u00e9 de Nantes) proposent en Finlande des Masters destinant \u00e0 l\u2019enseignement du FLE.<\/p>\n<\/details>\n","protected":false},"excerpt":{"rendered":"<p>L\u2019Institut fran\u00e7ais de Finlande vous offre la possibilit\u00e9 de passer des certifications de langue fran\u00e7aise d\u00e9livr\u00e9es par le Minist\u00e8re fran\u00e7ais de l\u2019\u00e9ducation nationale ou la Chambre de commerce et d\u2019industrie de Paris et reconnues internationalement. Parmi notre offre, vous retrouverez les dipl\u00f4mes DELF \/ DALF ainsi que les TEF (test d\u2019\u00e9valuation de fran\u00e7ais).<\/p>\n","protected":false},"author":1,"featured_media":0,"parent":0,"menu_order":5,"comment_status":"closed","ping_status":"closed","template":"","meta":{"footnotes":""},"class_list":["post-11","page","type-page","status-publish","hentry","no-media"],"yoast_head":"<!-- This site is optimized with the Yoast SEO plugin v27.4 - https:\/\/yoast.com\/product\/yoast-seo-wordpress\/ -->\n<title>Examens - Institut fran\u00e7ais<\/title>\n<meta name=\"robots\" content=\"index, follow, max-snippet:-1, max-image-preview:large, max-video-preview:-1\" \/>\n<link rel=\"canonical\" href=\"https:\/\/www.france.fi\/fr\/tests-et-examens\/\" \/>\n<meta property=\"og:locale\" content=\"fr_FR\" \/>\n<meta property=\"og:type\" content=\"article\" \/>\n<meta property=\"og:title\" content=\"Examens - Institut fran\u00e7ais\" \/>\n<meta property=\"og:description\" content=\"L\u2019Institut fran\u00e7ais de Finlande vous offre la possibilit\u00e9 de passer des certifications de langue fran\u00e7aise d\u00e9livr\u00e9es par le Minist\u00e8re fran\u00e7ais de l\u2019\u00e9ducation nationale ou la Chambre de commerce et d\u2019industrie de Paris et reconnues internationalement. Parmi notre offre, vous retrouverez les dipl\u00f4mes DELF \/ DALF ainsi que les TEF (test d\u2019\u00e9valuation de fran\u00e7ais).\" \/>\n<meta property=\"og:url\" content=\"https:\/\/www.france.fi\/fr\/tests-et-examens\/\" \/>\n<meta property=\"og:site_name\" content=\"Institut fran\u00e7ais\" \/>\n<meta property=\"article:publisher\" content=\"https:\/\/www.facebook.com\/institutfrancaisfi\" \/>\n<meta property=\"article:modified_time\" content=\"2026-03-12T13:31:48+00:00\" \/>\n<meta name=\"twitter:card\" content=\"summary_large_image\" \/>\n<meta name=\"twitter:site\" content=\"@IFFinlande\" \/>\n<meta name=\"twitter:label1\" content=\"Dur\u00e9e de lecture estim\u00e9e\" \/>\n\t<meta name=\"twitter:data1\" content=\"2 minutes\" \/>\n<script type=\"application\/ld+json\" class=\"yoast-schema-graph\">{\"@context\":\"https:\\\/\\\/schema.org\",\"@graph\":[{\"@type\":\"WebPage\",\"@id\":\"https:\\\/\\\/www.france.fi\\\/fr\\\/tests-et-examens\\\/\",\"url\":\"https:\\\/\\\/www.france.fi\\\/fr\\\/tests-et-examens\\\/\",\"name\":\"Examens - Institut fran\u00e7ais\",\"isPartOf\":{\"@id\":\"https:\\\/\\\/www.france.fi\\\/#website\"},\"datePublished\":\"2020-06-12T11:46:52+00:00\",\"dateModified\":\"2026-03-12T13:31:48+00:00\",\"breadcrumb\":{\"@id\":\"https:\\\/\\\/www.france.fi\\\/fr\\\/tests-et-examens\\\/#breadcrumb\"},\"inLanguage\":\"fr-FR\",\"potentialAction\":[{\"@type\":\"ReadAction\",\"target\":[\"https:\\\/\\\/www.france.fi\\\/fr\\\/tests-et-examens\\\/\"]}]},{\"@type\":\"BreadcrumbList\",\"@id\":\"https:\\\/\\\/www.france.fi\\\/fr\\\/tests-et-examens\\\/#breadcrumb\",\"itemListElement\":[{\"@type\":\"ListItem\",\"position\":1,\"name\":\"Home\",\"item\":\"https:\\\/\\\/www.france.fi\\\/fr\\\/\"},{\"@type\":\"ListItem\",\"position\":2,\"name\":\"Examens\"}]},{\"@type\":\"WebSite\",\"@id\":\"https:\\\/\\\/www.france.fi\\\/#website\",\"url\":\"https:\\\/\\\/www.france.fi\\\/\",\"name\":\"Institut fran\u00e7ais de Finlande\",\"description\":\"\",\"publisher\":{\"@id\":\"https:\\\/\\\/www.france.fi\\\/#organization\"},\"potentialAction\":[{\"@type\":\"SearchAction\",\"target\":{\"@type\":\"EntryPoint\",\"urlTemplate\":\"https:\\\/\\\/www.france.fi\\\/?s={search_term_string}\"},\"query-input\":{\"@type\":\"PropertyValueSpecification\",\"valueRequired\":true,\"valueName\":\"search_term_string\"}}],\"inLanguage\":\"fr-FR\"},{\"@type\":\"Organization\",\"@id\":\"https:\\\/\\\/www.france.fi\\\/#organization\",\"name\":\"Institut fran\u00e7ais de Finlande\",\"url\":\"https:\\\/\\\/www.france.fi\\\/\",\"logo\":{\"@type\":\"ImageObject\",\"inLanguage\":\"fr-FR\",\"@id\":\"https:\\\/\\\/www.france.fi\\\/#\\\/schema\\\/logo\\\/image\\\/\",\"url\":\"https:\\\/\\\/www.france.fi\\\/wp-content\\\/uploads\\\/2024\\\/02\\\/if-logo-1.png\",\"contentUrl\":\"https:\\\/\\\/www.france.fi\\\/wp-content\\\/uploads\\\/2024\\\/02\\\/if-logo-1.png\",\"width\":687,\"height\":459,\"caption\":\"Institut fran\u00e7ais de Finlande\"},\"image\":{\"@id\":\"https:\\\/\\\/www.france.fi\\\/#\\\/schema\\\/logo\\\/image\\\/\"},\"sameAs\":[\"https:\\\/\\\/www.facebook.com\\\/institutfrancaisfi\",\"https:\\\/\\\/x.com\\\/IFFinlande\",\"https:\\\/\\\/www.instagram.com\\\/iffinlande\\\/\",\"https:\\\/\\\/fr.linkedin.com\\\/organization-guest\\\/company\\\/institut-fran-ais-de-finlande\",\"https:\\\/\\\/www.youtube.com\\\/channel\\\/UCHAitdpmSbeP78eL49XMotA\"]}]}<\/script>\n<!-- \/ Yoast SEO plugin. -->","yoast_head_json":{"title":"Examens - Institut fran\u00e7ais","robots":{"index":"index","follow":"follow","max-snippet":"max-snippet:-1","max-image-preview":"max-image-preview:large","max-video-preview":"max-video-preview:-1"},"canonical":"https:\/\/www.france.fi\/fr\/tests-et-examens\/","og_locale":"fr_FR","og_type":"article","og_title":"Examens - Institut fran\u00e7ais","og_description":"L\u2019Institut fran\u00e7ais de Finlande vous offre la possibilit\u00e9 de passer des certifications de langue fran\u00e7aise d\u00e9livr\u00e9es par le Minist\u00e8re fran\u00e7ais de l\u2019\u00e9ducation nationale ou la Chambre de commerce et d\u2019industrie de Paris et reconnues internationalement. Parmi notre offre, vous retrouverez les dipl\u00f4mes DELF \/ DALF ainsi que les TEF (test d\u2019\u00e9valuation de fran\u00e7ais).","og_url":"https:\/\/www.france.fi\/fr\/tests-et-examens\/","og_site_name":"Institut fran\u00e7ais","article_publisher":"https:\/\/www.facebook.com\/institutfrancaisfi","article_modified_time":"2026-03-12T13:31:48+00:00","twitter_card":"summary_large_image","twitter_site":"@IFFinlande","twitter_misc":{"Dur\u00e9e de lecture estim\u00e9e":"2 minutes"},"schema":{"@context":"https:\/\/schema.org","@graph":[{"@type":"WebPage","@id":"https:\/\/www.france.fi\/fr\/tests-et-examens\/","url":"https:\/\/www.france.fi\/fr\/tests-et-examens\/","name":"Examens - Institut fran\u00e7ais","isPartOf":{"@id":"https:\/\/www.france.fi\/#website"},"datePublished":"2020-06-12T11:46:52+00:00","dateModified":"2026-03-12T13:31:48+00:00","breadcrumb":{"@id":"https:\/\/www.france.fi\/fr\/tests-et-examens\/#breadcrumb"},"inLanguage":"fr-FR","potentialAction":[{"@type":"ReadAction","target":["https:\/\/www.france.fi\/fr\/tests-et-examens\/"]}]},{"@type":"BreadcrumbList","@id":"https:\/\/www.france.fi\/fr\/tests-et-examens\/#breadcrumb","itemListElement":[{"@type":"ListItem","position":1,"name":"Home","item":"https:\/\/www.france.fi\/fr\/"},{"@type":"ListItem","position":2,"name":"Examens"}]},{"@type":"WebSite","@id":"https:\/\/www.france.fi\/#website","url":"https:\/\/www.france.fi\/","name":"Institut fran\u00e7ais de Finlande","description":"","publisher":{"@id":"https:\/\/www.france.fi\/#organization"},"potentialAction":[{"@type":"SearchAction","target":{"@type":"EntryPoint","urlTemplate":"https:\/\/www.france.fi\/?s={search_term_string}"},"query-input":{"@type":"PropertyValueSpecification","valueRequired":true,"valueName":"search_term_string"}}],"inLanguage":"fr-FR"},{"@type":"Organization","@id":"https:\/\/www.france.fi\/#organization","name":"Institut fran\u00e7ais de Finlande","url":"https:\/\/www.france.fi\/","logo":{"@type":"ImageObject","inLanguage":"fr-FR","@id":"https:\/\/www.france.fi\/#\/schema\/logo\/image\/","url":"https:\/\/www.france.fi\/wp-content\/uploads\/2024\/02\/if-logo-1.png","contentUrl":"https:\/\/www.france.fi\/wp-content\/uploads\/2024\/02\/if-logo-1.png","width":687,"height":459,"caption":"Institut fran\u00e7ais de Finlande"},"image":{"@id":"https:\/\/www.france.fi\/#\/schema\/logo\/image\/"},"sameAs":["https:\/\/www.facebook.com\/institutfrancaisfi","https:\/\/x.com\/IFFinlande","https:\/\/www.instagram.com\/iffinlande\/","https:\/\/fr.linkedin.com\/organization-guest\/company\/institut-fran-ais-de-finlande","https:\/\/www.youtube.com\/channel\/UCHAitdpmSbeP78eL49XMotA"]}]}},"_links":{"self":[{"href":"https:\/\/www.france.fi\/fr\/wp-json\/wp\/v2\/pages\/11","targetHints":{"allow":["GET"]}}],"collection":[{"href":"https:\/\/www.france.fi\/fr\/wp-json\/wp\/v2\/pages"}],"about":[{"href":"https:\/\/www.france.fi\/fr\/wp-json\/wp\/v2\/types\/page"}],"author":[{"embeddable":true,"href":"https:\/\/www.france.fi\/fr\/wp-json\/wp\/v2\/users\/1"}],"replies":[{"embeddable":true,"href":"https:\/\/www.france.fi\/fr\/wp-json\/wp\/v2\/comments?post=11"}],"version-history":[{"count":0,"href":"https:\/\/www.france.fi\/fr\/wp-json\/wp\/v2\/pages\/11\/revisions"}],"wp:attachment":[{"href":"https:\/\/www.france.fi\/fr\/wp-json\/wp\/v2\/media?parent=11"}],"curies":[{"name":"wp","href":"https:\/\/api.w.org\/{rel}","templated":true}]}}