{"id":22201,"date":"2025-10-24T11:23:36","date_gmt":"2025-10-24T08:23:36","guid":{"rendered":"https:\/\/www.france.fi\/?page_id=22201"},"modified":"2026-02-26T11:55:58","modified_gmt":"2026-02-26T09:55:58","slug":"apprendre-le-francais-a-lecole","status":"publish","type":"page","link":"https:\/\/www.france.fi\/fr\/education\/apprendre-le-francais-a-lecole\/","title":{"rendered":"Enseignement scolaire"},"content":{"rendered":"<p>Le fran\u00e7ais est une langue vivante qui ouvre des portes sur la culture, les \u00e9changes internationaux et des opportunit\u00e9s professionnelles enrichissantes.<\/p>\n<p>D\u00e9couvrez tous les \u00e9tablissements scolaires qui proposent l\u2019enseignement du fran\u00e7ais en Finlande !<\/p>\n\n\n<h4>Ecoles et fili\u00e8res fran\u00e7aises<\/h4>\n\n\n\n<details class=\"wp-block-details has-large-font-size is-layout-flow wp-block-details-is-layout-flow\"><summary><strong>Les jardins d\u2019enfants<\/strong><\/summary>\n<p>Les jardins d\u2019enfants francophones donnent \u00e0 votre enfant la possibilit\u00e9 d\u2019apprendre le fran\u00e7ais par les jeux et les activit\u00e9s. Si vous souhaitez avoir plus d\u2019information sur le fonctionnement de ces cr\u00e8ches et de ces \u00e9coles, veuillez les contacter directement.<\/p>\n<ul>\n<li><strong>&nbsp;<span style=\"color: #3366ff;\"><a style=\"color: #3366ff;\" href=\"https:\/\/ecolejulesverne.fi\/fr\/\" target=\"_blank\" rel=\"noopener\">L\u2019\u00e9cole fran\u00e7aise Jules Verne<\/a><\/span>,&nbsp;<\/strong>situ\u00e9 au centre-ville d\u2019Helsinki, accepte les enfants \u00e0 partir de 2 ans et la maitrise de la langue fran\u00e7aise n\u2019est pas requise avant l\u2019\u00e2ge de 6 ans.<\/li>\n<li>Fond\u00e9 en 2003, le jardin d\u2019enfants&nbsp;<span style=\"color: #3366ff;\"><a style=\"color: #3366ff;\" href=\"https:\/\/pklesgalopins.wixsite.com\/lesgalopins\" target=\"_blank\" rel=\"noopener\"><strong>Les galopins<\/strong><\/a><\/span>&nbsp;est situ\u00e9 \u00e0 Kannelm\u00e4ki, et est tr\u00e8s bien desservi par les transports en commun (train, bus) ou par les nombreux axes routiers. Cet espace, dot\u00e9 d\u2019une cour ext\u00e9rieure spacieuse avec jeux, est sp\u00e9cialement adapt\u00e9 \u00e0 l\u2019accueil de 47 enfants de 1,5 \u00e0 6 ans, r\u00e9partis en trois petits groupes.&nbsp;<\/li>\n<li><span data-olk-copy-source=\"MessageBody\">Les Jardins d\u2019enfants&nbsp;<span style=\"color: #3366ff;\"><a style=\"color: #3366ff;\" href=\"https:\/\/www.arcenciel.fi\/\" target=\"_blank\" rel=\"noopener noreferrer\"><strong>Arc en ciel<\/strong><\/a><\/span>&nbsp;sont situ\u00e9es \u00e0 L\u00e4nsi-Pasila, Helsinki, ainsi qu\u2019\u00e0 Matinkyl\u00e4, Espoo. \u00c0 l\u2019origine ouverte en 2012 par une association de parents, le jardin d\u2019enfants L\u2019Ile aux Tr\u00e9sors est devenue une cr\u00e8che priv\u00e9e en 2015. Les jardins d\u2019enfants b\u00e9n\u00e9ficient d\u2019excellentes liaisons avec les transports publics\u202f: Arc-en-ciel Matinkyl\u00e4 se trouve \u00e0 environ cinq minutes \u00e0 pied de la station de m\u00e9tro de Matinkyl\u00e4, tandis qu\u2019Arc-en-ciel L\u00e4nsi-Pasila est situ\u00e9e \u00e0 moins de cinq minutes \u00e0 pied de la gare de Pasila. Les jardins d\u2019enfants accueillent des enfants \u00e2g\u00e9s d\u2019environ 1 \u00e0 6 ans. Arc-en-ciel L\u00e4nsi-Pasila dispose de 50 places et Arc-en-ciel Matinkyl\u00e4 de 60 places.<\/span><\/li>\n<li><a href=\"http:\/\/hrsk-ystavat.com\/jardinwp\/?lang=fr\" target=\"_blank\" rel=\"noopener\"><strong><span style=\"color: #3366ff;\">Le jardin d\u2019enfants du Lyc\u00e9e franco-finlandais<\/span><\/strong><\/a><strong>&nbsp;<\/strong>d\u2019Helsinki&nbsp;accueille au maximum 40 enfants et organise&nbsp;au mois de f\u00e9vrier-mars,&nbsp;des&nbsp;tests de groupe (men\u00e9s en finnois par des psychologues)&nbsp;pour \u00e9valuer la maturit\u00e9 des enfants. Toutefois, il ne s\u2019agit pas d\u2019un test de langue et il n\u2019y a pas de pr\u00e9requis linguistiques pour le Jardin d\u2019enfants. Il s\u2019agit d\u2019une immersion linguistique (100% francais).<\/li>\n<\/ul>\n<\/details>\n\n\n\n<details class=\"wp-block-details has-large-font-size is-layout-flow wp-block-details-is-layout-flow\"><summary><strong>L\u2019\u00e9cole fran\u00e7aise Jules Verne<\/strong><\/summary>\n<p><span style=\"color: #3366ff;\"><strong><a style=\"color: #3366ff;\" href=\"https:\/\/ecolejulesverne.fi\/fr\/\" target=\"_blank\" rel=\"noopener\">L\u2019\u00e9cole fran\u00e7aise Jules Verne<\/a><\/strong><\/span> propose un enseignement en classes maternelle et primaire, qui suit les programmes fran\u00e7ais, dispens\u00e9 par des enseignants titulaires de l\u2019\u00e9ducation nationale fran\u00e7aise.<\/p>\n\n\n\n<p><\/p>\n<\/details>\n\n\n\n<details class=\"wp-block-details has-large-font-size is-layout-flow wp-block-details-is-layout-flow\"><summary><strong>Les fili\u00e8res bilingues<\/strong><\/summary>\n<p>Le dispositif francophone en Finlande est aussi compos\u00e9 de trois fili\u00e8res bilingues\u00a0franco-finlandaises. Elles b\u00e9n\u00e9ficient du soutien des autorit\u00e9s \u00e9ducatives finlandaises, mais aussi de l\u2019Etat fran\u00e7ais et de l\u2019appui de l\u2019Ambassade et de l\u2019Institut fran\u00e7ais de Finlande :<\/p>\n<ul>\n<li><a href=\"https:\/\/hrsk.fi\/\" target=\"_blank\" rel=\"noopener\"><strong><span style=\"color: #3366ff;\">Le Lyc\u00e9e franco-finlandais d\u2019Helsinki\u00a0<\/span><\/strong><\/a>(LFF) : lyc\u00e9e d\u2019Etat cr\u00e9\u00e9 par le Protocole d\u2019accord intergouvernemental de 1977 entre la France et la Finlande. Le LFF s\u2019\u00e9tend du pr\u00e9scolaire au lyc\u00e9e. Parmi les enseignants employ\u00e9s par l\u2019\u00e9tablissement, il y a une vingtaine d\u2019enseignants francophones, dont le responsable des \u00e9tudes fran\u00e7aises du LFF. Le LFF comptait 820 \u00e9l\u00e8ves \u00e0 la rentr\u00e9e scolaire 2025-2026. L\u2019\u00e9tablissement s\u2019est vu attribuer le label FrancEducation en 2013. En 2025, le lyc\u00e9e a \u00e9t\u00e9 class\u00e9 le num\u00e9ro 1 au niveau national. <br \/><span style=\"color: #3366ff;\"><a style=\"color: #3366ff;\" href=\"https:\/\/www.tv5monde.com\/emissions\/episode\/destination-francophonie-destination-helsinki-1\" target=\"_blank\" rel=\"noopener\">\u21d2Destination francophonie Helsinki<\/a><\/span><\/li>\n<li><a href=\"https:\/\/www.tampere.fi\/varhaiskasvatus-ja-koulutus\/esiopetus-ja-perusopetus\/koulut\/wivi-lonnin-koulu\/opetus\/painotukset-ja-valinnat.html#ranskalais-suomalainenopetus-filierefranco-finlandaisedetampere\" target=\"_blank\" rel=\"noopener\"><strong><span style=\"color: #3366ff;\">La fili\u00e8re bilingue franco-finlandaise de Tampere<\/span>\u00a0<\/strong><\/a>: depuis sa cr\u00e9ation en 1986 sur convention entre la ville de Tampere et l\u2019Ambassade de France, la fili\u00e8re s\u2019\u00e9tend du jardin d\u2019enfants au coll\u00e8ge avec 199 \u00e9l\u00e8ves \u00e0 la rentr\u00e9e scolaire 2025-2026. Son \u00e9quipe p\u00e9dagogique compte 5 enseignants francophones.<br \/>L\u2019enseignement est \u00e0 50% en fran\u00e7ais \u00e0 l\u2019\u00e9cole primaire et 40% au coll\u00e8ge. L\u2019\u00e9tablissement est labellis\u00e9 FrancEducation depuis 2012.<br \/><span style=\"color: #3366ff;\"><a style=\"color: #3366ff;\" href=\"https:\/\/www.youtube.com\/watch?v=R0uMoxEyIWs&amp;embeds_referring_euri=https%3A%2F%2Fwww.france.fi%2F&amp;source_ve_path=OTY3MTQ\" target=\"_blank\" rel=\"noopener\">\u21d2 Destination francophonie Tampere<\/a><\/span><\/li>\n<li><strong style=\"font-size: revert;\">La fili\u00e8re bilingue franco-finlandaise de Turku\u00a0<\/strong><span style=\"font-size: revert;\">: cr\u00e9\u00e9e en 1993 sur convention entre la ville de Turku et l\u2019Ambassade de France, cette section bilingue primaire (<\/span><span style=\"color: #3366ff;\"><a style=\"font-size: revert; color: #3366ff;\" href=\"https:\/\/blog.edu.turku.fi\/vahaheikkila\/\" target=\"_blank\" rel=\"noopener\"><strong>\u00e9cole de V\u00e4h\u00e4-Heikkil\u00e4<\/strong><\/a><\/span><span style=\"font-size: revert;\">) et coll\u00e8ge (<\/span><span style=\"color: #3366ff;\"><a style=\"font-size: revert; color: #3366ff;\" href=\"http:\/\/www.kieliluokat.fi\/fr\/topelius.php\" target=\"_blank\" rel=\"noopener\"><strong>Topelius<\/strong><\/a><\/span><span style=\"font-size: revert;\">) comprend 190 \u00e9l\u00e8ves \u00e0 la rentr\u00e9e scolaire 2025-2026. Parmi l\u2019\u00e9quipe p\u00e9dagogique, on compte 2 enseignants fran\u00e7ais. L\u2019enseignement est \u00e0 30% en fran\u00e7ais en d\u00e9but d\u2019\u00e9cole primaire et \u00e0 50% en fin de cycle ; il est de 40% en coll\u00e8ge. L\u2019\u00e9cole de V\u00e4h\u00e4-Heikkil\u00e4 a re\u00e7u le Label FrancEducation en septembre 2015 et 2018.<br \/><\/span><span style=\"color: #3366ff;\"><a style=\"font-size: revert; color: #3366ff;\" href=\"https:\/\/www.tv5monde.com\/emissions\/episode\/destination-francophonie-destination-turku\" target=\"_blank\" rel=\"noopener\">\u21d2Destination francophonie Turku<\/a><\/span><\/li>\n<\/ul>\n\n\n\n<p><\/p>\n<\/details>\n\n\n\n<h4>Carte des \u00e9tablissements scolaires<\/h4>\n\n\n\n<p>Vous cherchez une \u00e9cole en Finlande qui propose le fran\u00e7ais comme langue \u00e9trang\u00e8re ou bilingue ? Gr\u00e2ce \u00e0 notre nouvelle carte interactive, d\u00e9couvrez en un clin d\u2019\u0153il les \u00e9tablissements scolaires qui offrent l\u2019apprentissage du fran\u00e7ais \u00e0 travers tout le pays.<\/p>\n\n\n\n<iframe loading=\"lazy\" src=\"https:\/\/www.google.com\/maps\/d\/embed?mid=18rNFUjfDjvk-EjO_UmK4dcxzAbXItxc&amp;ehbc=2E312F\" width=\"640\" height=\"480\"><\/iframe><\/p>\n\n\n\n<p>Cette carte recense\u00a0<strong>180 \u00e9tablissements de niveau garderie, \u00e9cole primaire et coll\u00e8ge<\/strong>, signal\u00e9s par des rep\u00e8res violets, ainsi que\u00a0<strong>54 lyc\u00e9es<\/strong>, identifi\u00e9s par des rep\u00e8res bleus. Enfin, les rep\u00e8res jaunes marquent les trois fili\u00e8res bilingues du pays (\u00e0 Turku, Tampere et Helsinki), toutes trois d\u00e9tentrices du label France Education d\u00e9livr\u00e9 par le minist\u00e8re de l\u2019\u00e9ducation nationale fran\u00e7ais.<\/p>\n<p>Nous esp\u00e9rons que cette carte vous sera utile et qu\u2019elle vous inspirera \u00e0 explorer ou \u00e0 promouvoir l\u2019apprentissage du fran\u00e7ais en Finlande. Si vous avez des suggestions ou souhaitez ajouter un \u00e9tablissement, n\u2019h\u00e9sitez pas \u00e0 nous contacter \u00e0\u00a0<a href=\"mailto:cooperation@france.fi\"><strong><span style=\"color: #3366ff;\">cooperation@france.f<\/span>i<\/strong><\/a><\/p>\n","protected":false},"excerpt":{"rendered":"<p>Le fran\u00e7ais est une langue vivante qui ouvre des portes sur la culture, les \u00e9changes internationaux et des opportunit\u00e9s professionnelles enrichissantes. D\u00e9couvrez tous les \u00e9tablissements scolaires qui proposent l\u2019enseignement du fran\u00e7ais en Finlande ! Ecoles et fili\u00e8res fran\u00e7aises Carte des \u00e9tablissements scolaires Vous cherchez une \u00e9cole en Finlande qui propose le fran\u00e7ais comme langue \u00e9trang\u00e8re [&hellip;]<\/p>\n","protected":false},"author":2,"featured_media":23844,"parent":347,"menu_order":0,"comment_status":"closed","ping_status":"closed","template":"","meta":{"footnotes":""},"class_list":["post-22201","page","type-page","status-publish","has-post-thumbnail","hentry"],"yoast_head":"<!-- This site is optimized with the Yoast SEO plugin v27.4 - https:\/\/yoast.com\/product\/yoast-seo-wordpress\/ -->\n<title>Enseignement scolaire - Institut fran\u00e7ais<\/title>\n<meta name=\"robots\" content=\"index, follow, max-snippet:-1, max-image-preview:large, max-video-preview:-1\" \/>\n<link rel=\"canonical\" href=\"https:\/\/www.france.fi\/fr\/education\/apprendre-le-francais-a-lecole\/\" \/>\n<meta property=\"og:locale\" content=\"fr_FR\" \/>\n<meta property=\"og:type\" content=\"article\" \/>\n<meta property=\"og:title\" content=\"Enseignement scolaire - Institut fran\u00e7ais\" \/>\n<meta property=\"og:description\" content=\"Le fran\u00e7ais est une langue vivante qui ouvre des portes sur la culture, les \u00e9changes internationaux et des opportunit\u00e9s professionnelles enrichissantes. D\u00e9couvrez tous les \u00e9tablissements scolaires qui proposent l\u2019enseignement du fran\u00e7ais en Finlande ! Ecoles et fili\u00e8res fran\u00e7aises Carte des \u00e9tablissements scolaires Vous cherchez une \u00e9cole en Finlande qui propose le fran\u00e7ais comme langue \u00e9trang\u00e8re [&hellip;]\" \/>\n<meta property=\"og:url\" content=\"https:\/\/www.france.fi\/fr\/education\/apprendre-le-francais-a-lecole\/\" \/>\n<meta property=\"og:site_name\" content=\"Institut fran\u00e7ais\" \/>\n<meta property=\"article:publisher\" content=\"https:\/\/www.facebook.com\/institutfrancaisfi\" \/>\n<meta property=\"article:modified_time\" content=\"2026-02-26T09:55:58+00:00\" \/>\n<meta property=\"og:image\" content=\"https:\/\/www.france.fi\/wp-content\/uploads\/2026\/02\/Education_scolaire.jpg\" \/>\n\t<meta property=\"og:image:width\" content=\"1920\" \/>\n\t<meta property=\"og:image:height\" content=\"1080\" \/>\n\t<meta property=\"og:image:type\" content=\"image\/jpeg\" \/>\n<meta name=\"twitter:card\" content=\"summary_large_image\" \/>\n<meta name=\"twitter:site\" content=\"@IFFinlande\" \/>\n<meta name=\"twitter:label1\" content=\"Dur\u00e9e de lecture estim\u00e9e\" \/>\n\t<meta name=\"twitter:data1\" content=\"5 minutes\" \/>\n<script type=\"application\/ld+json\" class=\"yoast-schema-graph\">{\"@context\":\"https:\\\/\\\/schema.org\",\"@graph\":[{\"@type\":\"WebPage\",\"@id\":\"https:\\\/\\\/www.france.fi\\\/fr\\\/education\\\/apprendre-le-francais-a-lecole\\\/\",\"url\":\"https:\\\/\\\/www.france.fi\\\/fr\\\/education\\\/apprendre-le-francais-a-lecole\\\/\",\"name\":\"Enseignement scolaire - Institut fran\u00e7ais\",\"isPartOf\":{\"@id\":\"https:\\\/\\\/www.france.fi\\\/#website\"},\"primaryImageOfPage\":{\"@id\":\"https:\\\/\\\/www.france.fi\\\/fr\\\/education\\\/apprendre-le-francais-a-lecole\\\/#primaryimage\"},\"image\":{\"@id\":\"https:\\\/\\\/www.france.fi\\\/fr\\\/education\\\/apprendre-le-francais-a-lecole\\\/#primaryimage\"},\"thumbnailUrl\":\"https:\\\/\\\/www.france.fi\\\/wp-content\\\/uploads\\\/2026\\\/02\\\/Education_scolaire.jpg\",\"datePublished\":\"2025-10-24T08:23:36+00:00\",\"dateModified\":\"2026-02-26T09:55:58+00:00\",\"breadcrumb\":{\"@id\":\"https:\\\/\\\/www.france.fi\\\/fr\\\/education\\\/apprendre-le-francais-a-lecole\\\/#breadcrumb\"},\"inLanguage\":\"fr-FR\",\"potentialAction\":[{\"@type\":\"ReadAction\",\"target\":[\"https:\\\/\\\/www.france.fi\\\/fr\\\/education\\\/apprendre-le-francais-a-lecole\\\/\"]}]},{\"@type\":\"ImageObject\",\"inLanguage\":\"fr-FR\",\"@id\":\"https:\\\/\\\/www.france.fi\\\/fr\\\/education\\\/apprendre-le-francais-a-lecole\\\/#primaryimage\",\"url\":\"https:\\\/\\\/www.france.fi\\\/wp-content\\\/uploads\\\/2026\\\/02\\\/Education_scolaire.jpg\",\"contentUrl\":\"https:\\\/\\\/www.france.fi\\\/wp-content\\\/uploads\\\/2026\\\/02\\\/Education_scolaire.jpg\",\"width\":1920,\"height\":1080},{\"@type\":\"BreadcrumbList\",\"@id\":\"https:\\\/\\\/www.france.fi\\\/fr\\\/education\\\/apprendre-le-francais-a-lecole\\\/#breadcrumb\",\"itemListElement\":[{\"@type\":\"ListItem\",\"position\":1,\"name\":\"Home\",\"item\":\"https:\\\/\\\/www.france.fi\\\/fr\\\/\"},{\"@type\":\"ListItem\",\"position\":2,\"name\":\"\u00c9ducation\",\"item\":\"https:\\\/\\\/www.france.fi\\\/fr\\\/education\\\/\"},{\"@type\":\"ListItem\",\"position\":3,\"name\":\"Enseignement scolaire\"}]},{\"@type\":\"WebSite\",\"@id\":\"https:\\\/\\\/www.france.fi\\\/#website\",\"url\":\"https:\\\/\\\/www.france.fi\\\/\",\"name\":\"Institut fran\u00e7ais de Finlande\",\"description\":\"\",\"publisher\":{\"@id\":\"https:\\\/\\\/www.france.fi\\\/#organization\"},\"potentialAction\":[{\"@type\":\"SearchAction\",\"target\":{\"@type\":\"EntryPoint\",\"urlTemplate\":\"https:\\\/\\\/www.france.fi\\\/?s={search_term_string}\"},\"query-input\":{\"@type\":\"PropertyValueSpecification\",\"valueRequired\":true,\"valueName\":\"search_term_string\"}}],\"inLanguage\":\"fr-FR\"},{\"@type\":\"Organization\",\"@id\":\"https:\\\/\\\/www.france.fi\\\/#organization\",\"name\":\"Institut fran\u00e7ais de Finlande\",\"url\":\"https:\\\/\\\/www.france.fi\\\/\",\"logo\":{\"@type\":\"ImageObject\",\"inLanguage\":\"fr-FR\",\"@id\":\"https:\\\/\\\/www.france.fi\\\/#\\\/schema\\\/logo\\\/image\\\/\",\"url\":\"https:\\\/\\\/www.france.fi\\\/wp-content\\\/uploads\\\/2024\\\/02\\\/if-logo-1.png\",\"contentUrl\":\"https:\\\/\\\/www.france.fi\\\/wp-content\\\/uploads\\\/2024\\\/02\\\/if-logo-1.png\",\"width\":687,\"height\":459,\"caption\":\"Institut fran\u00e7ais de Finlande\"},\"image\":{\"@id\":\"https:\\\/\\\/www.france.fi\\\/#\\\/schema\\\/logo\\\/image\\\/\"},\"sameAs\":[\"https:\\\/\\\/www.facebook.com\\\/institutfrancaisfi\",\"https:\\\/\\\/x.com\\\/IFFinlande\",\"https:\\\/\\\/www.instagram.com\\\/iffinlande\\\/\",\"https:\\\/\\\/fr.linkedin.com\\\/organization-guest\\\/company\\\/institut-fran-ais-de-finlande\",\"https:\\\/\\\/www.youtube.com\\\/channel\\\/UCHAitdpmSbeP78eL49XMotA\"]}]}<\/script>\n<!-- \/ Yoast SEO plugin. -->","yoast_head_json":{"title":"Enseignement scolaire - Institut fran\u00e7ais","robots":{"index":"index","follow":"follow","max-snippet":"max-snippet:-1","max-image-preview":"max-image-preview:large","max-video-preview":"max-video-preview:-1"},"canonical":"https:\/\/www.france.fi\/fr\/education\/apprendre-le-francais-a-lecole\/","og_locale":"fr_FR","og_type":"article","og_title":"Enseignement scolaire - Institut fran\u00e7ais","og_description":"Le fran\u00e7ais est une langue vivante qui ouvre des portes sur la culture, les \u00e9changes internationaux et des opportunit\u00e9s professionnelles enrichissantes. D\u00e9couvrez tous les \u00e9tablissements scolaires qui proposent l\u2019enseignement du fran\u00e7ais en Finlande ! Ecoles et fili\u00e8res fran\u00e7aises Carte des \u00e9tablissements scolaires Vous cherchez une \u00e9cole en Finlande qui propose le fran\u00e7ais comme langue \u00e9trang\u00e8re [&hellip;]","og_url":"https:\/\/www.france.fi\/fr\/education\/apprendre-le-francais-a-lecole\/","og_site_name":"Institut fran\u00e7ais","article_publisher":"https:\/\/www.facebook.com\/institutfrancaisfi","article_modified_time":"2026-02-26T09:55:58+00:00","og_image":[{"width":1920,"height":1080,"url":"https:\/\/www.france.fi\/wp-content\/uploads\/2026\/02\/Education_scolaire.jpg","type":"image\/jpeg"}],"twitter_card":"summary_large_image","twitter_site":"@IFFinlande","twitter_misc":{"Dur\u00e9e de lecture estim\u00e9e":"5 minutes"},"schema":{"@context":"https:\/\/schema.org","@graph":[{"@type":"WebPage","@id":"https:\/\/www.france.fi\/fr\/education\/apprendre-le-francais-a-lecole\/","url":"https:\/\/www.france.fi\/fr\/education\/apprendre-le-francais-a-lecole\/","name":"Enseignement scolaire - Institut fran\u00e7ais","isPartOf":{"@id":"https:\/\/www.france.fi\/#website"},"primaryImageOfPage":{"@id":"https:\/\/www.france.fi\/fr\/education\/apprendre-le-francais-a-lecole\/#primaryimage"},"image":{"@id":"https:\/\/www.france.fi\/fr\/education\/apprendre-le-francais-a-lecole\/#primaryimage"},"thumbnailUrl":"https:\/\/www.france.fi\/wp-content\/uploads\/2026\/02\/Education_scolaire.jpg","datePublished":"2025-10-24T08:23:36+00:00","dateModified":"2026-02-26T09:55:58+00:00","breadcrumb":{"@id":"https:\/\/www.france.fi\/fr\/education\/apprendre-le-francais-a-lecole\/#breadcrumb"},"inLanguage":"fr-FR","potentialAction":[{"@type":"ReadAction","target":["https:\/\/www.france.fi\/fr\/education\/apprendre-le-francais-a-lecole\/"]}]},{"@type":"ImageObject","inLanguage":"fr-FR","@id":"https:\/\/www.france.fi\/fr\/education\/apprendre-le-francais-a-lecole\/#primaryimage","url":"https:\/\/www.france.fi\/wp-content\/uploads\/2026\/02\/Education_scolaire.jpg","contentUrl":"https:\/\/www.france.fi\/wp-content\/uploads\/2026\/02\/Education_scolaire.jpg","width":1920,"height":1080},{"@type":"BreadcrumbList","@id":"https:\/\/www.france.fi\/fr\/education\/apprendre-le-francais-a-lecole\/#breadcrumb","itemListElement":[{"@type":"ListItem","position":1,"name":"Home","item":"https:\/\/www.france.fi\/fr\/"},{"@type":"ListItem","position":2,"name":"\u00c9ducation","item":"https:\/\/www.france.fi\/fr\/education\/"},{"@type":"ListItem","position":3,"name":"Enseignement scolaire"}]},{"@type":"WebSite","@id":"https:\/\/www.france.fi\/#website","url":"https:\/\/www.france.fi\/","name":"Institut fran\u00e7ais de Finlande","description":"","publisher":{"@id":"https:\/\/www.france.fi\/#organization"},"potentialAction":[{"@type":"SearchAction","target":{"@type":"EntryPoint","urlTemplate":"https:\/\/www.france.fi\/?s={search_term_string}"},"query-input":{"@type":"PropertyValueSpecification","valueRequired":true,"valueName":"search_term_string"}}],"inLanguage":"fr-FR"},{"@type":"Organization","@id":"https:\/\/www.france.fi\/#organization","name":"Institut fran\u00e7ais de Finlande","url":"https:\/\/www.france.fi\/","logo":{"@type":"ImageObject","inLanguage":"fr-FR","@id":"https:\/\/www.france.fi\/#\/schema\/logo\/image\/","url":"https:\/\/www.france.fi\/wp-content\/uploads\/2024\/02\/if-logo-1.png","contentUrl":"https:\/\/www.france.fi\/wp-content\/uploads\/2024\/02\/if-logo-1.png","width":687,"height":459,"caption":"Institut fran\u00e7ais de Finlande"},"image":{"@id":"https:\/\/www.france.fi\/#\/schema\/logo\/image\/"},"sameAs":["https:\/\/www.facebook.com\/institutfrancaisfi","https:\/\/x.com\/IFFinlande","https:\/\/www.instagram.com\/iffinlande\/","https:\/\/fr.linkedin.com\/organization-guest\/company\/institut-fran-ais-de-finlande","https:\/\/www.youtube.com\/channel\/UCHAitdpmSbeP78eL49XMotA"]}]}},"_links":{"self":[{"href":"https:\/\/www.france.fi\/fr\/wp-json\/wp\/v2\/pages\/22201","targetHints":{"allow":["GET"]}}],"collection":[{"href":"https:\/\/www.france.fi\/fr\/wp-json\/wp\/v2\/pages"}],"about":[{"href":"https:\/\/www.france.fi\/fr\/wp-json\/wp\/v2\/types\/page"}],"author":[{"embeddable":true,"href":"https:\/\/www.france.fi\/fr\/wp-json\/wp\/v2\/users\/2"}],"replies":[{"embeddable":true,"href":"https:\/\/www.france.fi\/fr\/wp-json\/wp\/v2\/comments?post=22201"}],"version-history":[{"count":0,"href":"https:\/\/www.france.fi\/fr\/wp-json\/wp\/v2\/pages\/22201\/revisions"}],"up":[{"embeddable":true,"href":"https:\/\/www.france.fi\/fr\/wp-json\/wp\/v2\/pages\/347"}],"wp:featuredmedia":[{"embeddable":true,"href":"https:\/\/www.france.fi\/fr\/wp-json\/wp\/v2\/media\/23844"}],"wp:attachment":[{"href":"https:\/\/www.france.fi\/fr\/wp-json\/wp\/v2\/media?parent=22201"}],"curies":[{"name":"wp","href":"https:\/\/api.w.org\/{rel}","templated":true}]}}