{"id":2561,"date":"2020-11-20T10:33:24","date_gmt":"2020-11-20T08:33:24","guid":{"rendered":"http:\/\/www.france.fi\/?page_id=2561"},"modified":"2026-03-13T15:10:29","modified_gmt":"2026-03-13T13:10:29","slug":"delf-prim-junior-pour-les-enfants-ados","status":"publish","type":"page","link":"https:\/\/www.france.fi\/fr\/tests-et-examens\/delf-prim-junior-pour-les-enfants-ados\/","title":{"rendered":"DELF PRIM \/ JUNIOR (pour les enfants \/ ados)"},"content":{"rendered":"\n<p>Le Dipl\u00f4me d\u2019\u00c9tudes en Langue Fran\u00e7aise (DELF) est un dipl\u00f4me d\u00e9livr\u00e9 par le Minist\u00e8re de l\u2019\u00c9ducation Nationale fran\u00e7ais et valable \u00e0 vie.<\/p>\n\n\n\n<details class=\"wp-block-details is-layout-flow wp-block-details-is-layout-flow\"><summary><strong>Description des \u00e9preuves et entra\u00eenement :<\/strong><\/summary>\n<p>Le <strong>DELF PRIM<\/strong> et le <strong>DELF Junior<\/strong> \u00e9valuent les quatre comp\u00e9tences\u00a0: compr\u00e9hension textuelle, compr\u00e9hension de l\u2019oral, production \u00e9crite, production orale.<\/p>\n<p>Il s\u2019agit de deux versions de l\u2019examen adapt\u00e9es \u00e0 un public d\u2019<strong>enfants<\/strong> ou d\u2019<strong>adolescents<\/strong> en ce qui concerne les th\u00e8mes abord\u00e9s et les types d\u2019exercices, mais qui repose sur une approche communicative par comp\u00e9tences, comme le DELF Tout public\u00a0: le niveau linguistique test\u00e9 est le m\u00eame, quelle que soit la version de l\u2019examen.<\/p>\n<p>Le <a href=\"https:\/\/www.france-education-international.fr\/delf-prim\" target=\"_blank\" rel=\"noopener noreferrer\"><em>DELF PRIM<\/em><\/a> s\u2019adresse tout particuli\u00e8rement aux jeunes enfants scolaris\u00e9s dans le primaire ou \u00e9quivalent (de 6 \u00e0 9 ans) et \u00e9value les niveaux A1.1, A1 et A2.<\/p>\n<p>Le <a href=\"https:\/\/www.france-education-international.fr\/delf-dalf\/delf-junior-scolaire\" target=\"_blank\" rel=\"noopener noreferrer\"><em>DELF Junior<\/em><\/a> s\u2019adresse aux enfants et adolescents scolaris\u00e9s dans le secondaire ou \u00e9quivalent (de 10 \u00e0 18 ans) et \u00e9value les niveaux A1, A2, B1 et B2.<\/p>\n<p>Pour en savoir plus sur les \u00e9preuves des DELF Prim et Junior, cliquez sur les liens ci-dessous pour acc\u00e9der \u00e0 <strong>une description d\u00e9taill\u00e9e des \u00e9preuves\u00a0et \u00e0 des exemples de sujets<\/strong>\u00a0:<\/p>\n<table style=\"width: 100%;\">\n<tbody>\n<tr>\n<td width=\"33%\"><strong>Description de l\u2019examen<\/strong><\/td>\n<td width=\"33%\"><strong>Exemples de sujet<\/strong><\/td>\n<td width=\"33%\"><strong>Conseils de pr\u00e9paration<\/strong><\/td>\n<\/tr>\n<tr>\n<td width=\"33%\"><a style=\"color: #3366ff;\" href=\"https:\/\/www.france-education-international.fr\/article\/delf-juniorscolaire-niveau-a1?langue=fr\" target=\"_blank\" rel=\"noopener\">DELF A1<\/a><\/td>\n<td width=\"33%\"><a style=\"color: #3366ff;\" href=\"https:\/\/www.france-education-international.fr\/diplome\/delf-junior-scolaire\/exemples-sujets-a1?langue=fr\" target=\"_blank\" rel=\"noopener\">Sujet de DELF Junior A1<\/a><\/td>\n<td width=\"33%\"><a style=\"color: #3366ff;\" href=\"https:\/\/www.france-education-international.fr\/article\/delf-juniorscolaire-niveau-a1-conseils?langue=fr\" target=\"_blank\" rel=\"noopener\">Conseils DELF Junior A1<\/a><\/td>\n<\/tr>\n<tr>\n<td width=\"33%\"><a style=\"color: #3366ff;\" href=\"https:\/\/www.france-education-international.fr\/article\/delf-juniorscolaire-niveau-a2?langue=fr\" target=\"_blank\" rel=\"noopener\">DELF A2<\/a><\/td>\n<td width=\"33%\"><a style=\"color: #3366ff;\" href=\"https:\/\/www.france-education-international.fr\/diplome\/delf-junior-scolaire\/exemples-sujets-a2?langue=fr\" target=\"_blank\" rel=\"noopener\">Sujet de DELF Junior A2<\/a><\/td>\n<td width=\"33%\"><a style=\"color: #3366ff;\" href=\"https:\/\/www.france-education-international.fr\/article\/delf-juniorscolaire-niveau-a2-conseils?langue=fr\" target=\"_blank\" rel=\"noopener\">Conseils DELF Junior A2<\/a><\/td>\n<\/tr>\n<tr>\n<td width=\"33%\"><a style=\"color: #3366ff;\" href=\"https:\/\/www.france-education-international.fr\/article\/delf-juniorscolaire-niveau-b1?langue=fr\" target=\"_blank\" rel=\"noopener\">DELF B1<\/a><\/td>\n<td width=\"33%\"><a style=\"color: #3366ff;\" href=\"https:\/\/www.france-education-international.fr\/diplome\/delf-junior-scolaire\/exemples-sujets-b1?langue=fr\" target=\"_blank\" rel=\"noopener\">Sujet de DELF Junior B1<\/a><\/td>\n<td width=\"33%\"><a style=\"color: #3366ff;\" href=\"https:\/\/www.france-education-international.fr\/article\/delf-juniorscolaire-niveau-b1-conseils?langue=fr\" target=\"_blank\" rel=\"noopener\">Conseils DELF Junior B1<\/a><\/td>\n<\/tr>\n<tr>\n<td width=\"33%\"><a style=\"color: #3366ff;\" href=\"https:\/\/www.france-education-international.fr\/article\/delf-juniorscolaire-niveau-b2?langue=fr\" target=\"_blank\" rel=\"noopener\">DELF B2<\/a><\/td>\n<td width=\"33%\"><a style=\"color: #3366ff;\" href=\"https:\/\/www.france-education-international.fr\/diplome\/delf-junior-scolaire\/exemples-sujets-b2?langue=fr\" target=\"_blank\" rel=\"noopener\">Sujet de DELF Junior B2<\/a><\/td>\n<td width=\"33%\"><a style=\"color: #3366ff;\" href=\"https:\/\/www.france-education-international.fr\/article\/delf-juniorscolaire-niveau-b2-conseils?langue=fr\" target=\"_blank\" rel=\"noopener\">Conseils DELF Junior B2<\/a><\/td>\n<\/tr>\n<\/tbody>\n<\/table>\n<\/details>\n\n\n\n<details class=\"wp-block-details is-layout-flow wp-block-details-is-layout-flow\"><summary><strong>Calendrier<\/strong><\/summary>\n<p>Une session du DELF Junior ouverte au public est organis\u00e9e en f\u00e9vrier \u00e0 l\u2019Institut fran\u00e7ais de Finlande.<\/p>\n<\/details>\n\n\n\n<details class=\"wp-block-details is-layout-flow wp-block-details-is-layout-flow\"><summary><strong>Prix<\/strong><\/summary>\n<table style=\"letter-spacing: -0.015em;\">\n<tbody>\n<tr>\n<td width=\"312\">\n<p>DELF Junior A1<\/p>\n<\/td>\n<td width=\"312\">\n<p>80 \u20ac<\/p>\n<\/td>\n<\/tr>\n<tr>\n<td width=\"312\">\n<p>DELF Junior A2<\/p>\n<\/td>\n<td width=\"312\">\n<p>97 \u20ac<\/p>\n<\/td>\n<\/tr>\n<tr>\n<td width=\"312\">\n<p>DELF Junior B1<\/p>\n<\/td>\n<td width=\"312\">\n<p>115 \u20ac<\/p>\n<\/td>\n<\/tr>\n<tr>\n<td width=\"312\">\n<p>DELF Junior B2<\/p>\n<\/td>\n<td width=\"312\">\n<p>138 \u20ac<\/p>\n<\/td>\n<\/tr>\n<tr>\n<td colspan=\"2\" width=\"623\">\n<p>10 euros de frais de dossier sont ajout\u00e9s.<\/p>\n<\/td>\n<\/tr>\n<\/tbody>\n<\/table>\n<p><em>En cas de modification des informations port\u00e9es sur le dipl\u00f4me (ex : orthographe du nom, changement d\u2019\u00e9tat civil, etc.), des frais de 10 euros seront appliqu\u00e9s pour la r\u00e9\u00e9dition du dipl\u00f4me DELF.<\/em><\/p>\n<p><em>En cas de perte ou de destruction du dipl\u00f4me, la r\u00e9\u00e9dition du dipl\u00f4me DELF \u00e0 l\u2019identique est gratuite.<\/em><\/p>\n<\/details>\n\n\n\n<h4><strong>Inscriptions : <\/strong><\/h4>\n<div class='kiosque-aec'><div\n data-module='examination'\n data-action='examination-type-list'\n data-param-examination-type-ids='147|148|149|150'\n data-param-etablishment-branch-id=''\n data-param-lang='fr_FR'><\/div><\/div>\n","protected":false},"excerpt":{"rendered":"<p>Le Dipl\u00f4me d\u2019\u00c9tudes en Langue Fran\u00e7aise (DELF) est un dipl\u00f4me d\u00e9livr\u00e9 par le Minist\u00e8re de l\u2019\u00c9ducation Nationale fran\u00e7ais et valable \u00e0 vie. Inscriptions :<\/p>\n","protected":false},"author":2,"featured_media":0,"parent":11,"menu_order":2,"comment_status":"closed","ping_status":"closed","template":"","meta":{"footnotes":""},"class_list":["post-2561","page","type-page","status-publish","hentry","no-media"],"yoast_head":"<!-- This site is optimized with the Yoast SEO plugin v27.4 - https:\/\/yoast.com\/product\/yoast-seo-wordpress\/ -->\n<title>DELF PRIM \/ JUNIOR (pour les enfants \/ ados) - Institut fran\u00e7ais<\/title>\n<meta name=\"robots\" content=\"index, follow, max-snippet:-1, max-image-preview:large, max-video-preview:-1\" \/>\n<link rel=\"canonical\" href=\"https:\/\/www.france.fi\/fr\/tests-et-examens\/delf-prim-junior-pour-les-enfants-ados\/\" \/>\n<meta property=\"og:locale\" content=\"fr_FR\" \/>\n<meta property=\"og:type\" content=\"article\" \/>\n<meta property=\"og:title\" content=\"DELF PRIM \/ JUNIOR (pour les enfants \/ ados) - Institut fran\u00e7ais\" \/>\n<meta property=\"og:description\" content=\"Le Dipl\u00f4me d\u2019\u00c9tudes en Langue Fran\u00e7aise (DELF) est un dipl\u00f4me d\u00e9livr\u00e9 par le Minist\u00e8re de l\u2019\u00c9ducation Nationale fran\u00e7ais et valable \u00e0 vie. Inscriptions :\" \/>\n<meta property=\"og:url\" content=\"https:\/\/www.france.fi\/fr\/tests-et-examens\/delf-prim-junior-pour-les-enfants-ados\/\" \/>\n<meta property=\"og:site_name\" content=\"Institut fran\u00e7ais\" \/>\n<meta property=\"article:publisher\" content=\"https:\/\/www.facebook.com\/institutfrancaisfi\" \/>\n<meta property=\"article:modified_time\" content=\"2026-03-13T13:10:29+00:00\" \/>\n<meta name=\"twitter:card\" content=\"summary_large_image\" \/>\n<meta name=\"twitter:site\" content=\"@IFFinlande\" \/>\n<meta name=\"twitter:label1\" content=\"Dur\u00e9e de lecture estim\u00e9e\" \/>\n\t<meta name=\"twitter:data1\" content=\"2 minutes\" \/>\n<script type=\"application\/ld+json\" class=\"yoast-schema-graph\">{\"@context\":\"https:\\\/\\\/schema.org\",\"@graph\":[{\"@type\":\"WebPage\",\"@id\":\"https:\\\/\\\/www.france.fi\\\/fr\\\/tests-et-examens\\\/delf-prim-junior-pour-les-enfants-ados\\\/\",\"url\":\"https:\\\/\\\/www.france.fi\\\/fr\\\/tests-et-examens\\\/delf-prim-junior-pour-les-enfants-ados\\\/\",\"name\":\"DELF PRIM \\\/ JUNIOR (pour les enfants \\\/ ados) - Institut fran\u00e7ais\",\"isPartOf\":{\"@id\":\"https:\\\/\\\/www.france.fi\\\/#website\"},\"datePublished\":\"2020-11-20T08:33:24+00:00\",\"dateModified\":\"2026-03-13T13:10:29+00:00\",\"breadcrumb\":{\"@id\":\"https:\\\/\\\/www.france.fi\\\/fr\\\/tests-et-examens\\\/delf-prim-junior-pour-les-enfants-ados\\\/#breadcrumb\"},\"inLanguage\":\"fr-FR\",\"potentialAction\":[{\"@type\":\"ReadAction\",\"target\":[\"https:\\\/\\\/www.france.fi\\\/fr\\\/tests-et-examens\\\/delf-prim-junior-pour-les-enfants-ados\\\/\"]}]},{\"@type\":\"BreadcrumbList\",\"@id\":\"https:\\\/\\\/www.france.fi\\\/fr\\\/tests-et-examens\\\/delf-prim-junior-pour-les-enfants-ados\\\/#breadcrumb\",\"itemListElement\":[{\"@type\":\"ListItem\",\"position\":1,\"name\":\"Home\",\"item\":\"https:\\\/\\\/www.france.fi\\\/fr\\\/\"},{\"@type\":\"ListItem\",\"position\":2,\"name\":\"Examens\",\"item\":\"https:\\\/\\\/www.france.fi\\\/fr\\\/tests-et-examens\\\/\"},{\"@type\":\"ListItem\",\"position\":3,\"name\":\"DELF PRIM \\\/ JUNIOR (pour les enfants \\\/ ados)\"}]},{\"@type\":\"WebSite\",\"@id\":\"https:\\\/\\\/www.france.fi\\\/#website\",\"url\":\"https:\\\/\\\/www.france.fi\\\/\",\"name\":\"Institut fran\u00e7ais de Finlande\",\"description\":\"\",\"publisher\":{\"@id\":\"https:\\\/\\\/www.france.fi\\\/#organization\"},\"potentialAction\":[{\"@type\":\"SearchAction\",\"target\":{\"@type\":\"EntryPoint\",\"urlTemplate\":\"https:\\\/\\\/www.france.fi\\\/?s={search_term_string}\"},\"query-input\":{\"@type\":\"PropertyValueSpecification\",\"valueRequired\":true,\"valueName\":\"search_term_string\"}}],\"inLanguage\":\"fr-FR\"},{\"@type\":\"Organization\",\"@id\":\"https:\\\/\\\/www.france.fi\\\/#organization\",\"name\":\"Institut fran\u00e7ais de Finlande\",\"url\":\"https:\\\/\\\/www.france.fi\\\/\",\"logo\":{\"@type\":\"ImageObject\",\"inLanguage\":\"fr-FR\",\"@id\":\"https:\\\/\\\/www.france.fi\\\/#\\\/schema\\\/logo\\\/image\\\/\",\"url\":\"https:\\\/\\\/www.france.fi\\\/wp-content\\\/uploads\\\/2024\\\/02\\\/if-logo-1.png\",\"contentUrl\":\"https:\\\/\\\/www.france.fi\\\/wp-content\\\/uploads\\\/2024\\\/02\\\/if-logo-1.png\",\"width\":687,\"height\":459,\"caption\":\"Institut fran\u00e7ais de Finlande\"},\"image\":{\"@id\":\"https:\\\/\\\/www.france.fi\\\/#\\\/schema\\\/logo\\\/image\\\/\"},\"sameAs\":[\"https:\\\/\\\/www.facebook.com\\\/institutfrancaisfi\",\"https:\\\/\\\/x.com\\\/IFFinlande\",\"https:\\\/\\\/www.instagram.com\\\/iffinlande\\\/\",\"https:\\\/\\\/fr.linkedin.com\\\/organization-guest\\\/company\\\/institut-fran-ais-de-finlande\",\"https:\\\/\\\/www.youtube.com\\\/channel\\\/UCHAitdpmSbeP78eL49XMotA\"]}]}<\/script>\n<!-- \/ Yoast SEO plugin. -->","yoast_head_json":{"title":"DELF PRIM \/ JUNIOR (pour les enfants \/ ados) - Institut fran\u00e7ais","robots":{"index":"index","follow":"follow","max-snippet":"max-snippet:-1","max-image-preview":"max-image-preview:large","max-video-preview":"max-video-preview:-1"},"canonical":"https:\/\/www.france.fi\/fr\/tests-et-examens\/delf-prim-junior-pour-les-enfants-ados\/","og_locale":"fr_FR","og_type":"article","og_title":"DELF PRIM \/ JUNIOR (pour les enfants \/ ados) - Institut fran\u00e7ais","og_description":"Le Dipl\u00f4me d\u2019\u00c9tudes en Langue Fran\u00e7aise (DELF) est un dipl\u00f4me d\u00e9livr\u00e9 par le Minist\u00e8re de l\u2019\u00c9ducation Nationale fran\u00e7ais et valable \u00e0 vie. Inscriptions :","og_url":"https:\/\/www.france.fi\/fr\/tests-et-examens\/delf-prim-junior-pour-les-enfants-ados\/","og_site_name":"Institut fran\u00e7ais","article_publisher":"https:\/\/www.facebook.com\/institutfrancaisfi","article_modified_time":"2026-03-13T13:10:29+00:00","twitter_card":"summary_large_image","twitter_site":"@IFFinlande","twitter_misc":{"Dur\u00e9e de lecture estim\u00e9e":"2 minutes"},"schema":{"@context":"https:\/\/schema.org","@graph":[{"@type":"WebPage","@id":"https:\/\/www.france.fi\/fr\/tests-et-examens\/delf-prim-junior-pour-les-enfants-ados\/","url":"https:\/\/www.france.fi\/fr\/tests-et-examens\/delf-prim-junior-pour-les-enfants-ados\/","name":"DELF PRIM \/ JUNIOR (pour les enfants \/ ados) - Institut fran\u00e7ais","isPartOf":{"@id":"https:\/\/www.france.fi\/#website"},"datePublished":"2020-11-20T08:33:24+00:00","dateModified":"2026-03-13T13:10:29+00:00","breadcrumb":{"@id":"https:\/\/www.france.fi\/fr\/tests-et-examens\/delf-prim-junior-pour-les-enfants-ados\/#breadcrumb"},"inLanguage":"fr-FR","potentialAction":[{"@type":"ReadAction","target":["https:\/\/www.france.fi\/fr\/tests-et-examens\/delf-prim-junior-pour-les-enfants-ados\/"]}]},{"@type":"BreadcrumbList","@id":"https:\/\/www.france.fi\/fr\/tests-et-examens\/delf-prim-junior-pour-les-enfants-ados\/#breadcrumb","itemListElement":[{"@type":"ListItem","position":1,"name":"Home","item":"https:\/\/www.france.fi\/fr\/"},{"@type":"ListItem","position":2,"name":"Examens","item":"https:\/\/www.france.fi\/fr\/tests-et-examens\/"},{"@type":"ListItem","position":3,"name":"DELF PRIM \/ JUNIOR (pour les enfants \/ ados)"}]},{"@type":"WebSite","@id":"https:\/\/www.france.fi\/#website","url":"https:\/\/www.france.fi\/","name":"Institut fran\u00e7ais de Finlande","description":"","publisher":{"@id":"https:\/\/www.france.fi\/#organization"},"potentialAction":[{"@type":"SearchAction","target":{"@type":"EntryPoint","urlTemplate":"https:\/\/www.france.fi\/?s={search_term_string}"},"query-input":{"@type":"PropertyValueSpecification","valueRequired":true,"valueName":"search_term_string"}}],"inLanguage":"fr-FR"},{"@type":"Organization","@id":"https:\/\/www.france.fi\/#organization","name":"Institut fran\u00e7ais de Finlande","url":"https:\/\/www.france.fi\/","logo":{"@type":"ImageObject","inLanguage":"fr-FR","@id":"https:\/\/www.france.fi\/#\/schema\/logo\/image\/","url":"https:\/\/www.france.fi\/wp-content\/uploads\/2024\/02\/if-logo-1.png","contentUrl":"https:\/\/www.france.fi\/wp-content\/uploads\/2024\/02\/if-logo-1.png","width":687,"height":459,"caption":"Institut fran\u00e7ais de Finlande"},"image":{"@id":"https:\/\/www.france.fi\/#\/schema\/logo\/image\/"},"sameAs":["https:\/\/www.facebook.com\/institutfrancaisfi","https:\/\/x.com\/IFFinlande","https:\/\/www.instagram.com\/iffinlande\/","https:\/\/fr.linkedin.com\/organization-guest\/company\/institut-fran-ais-de-finlande","https:\/\/www.youtube.com\/channel\/UCHAitdpmSbeP78eL49XMotA"]}]}},"_links":{"self":[{"href":"https:\/\/www.france.fi\/fr\/wp-json\/wp\/v2\/pages\/2561","targetHints":{"allow":["GET"]}}],"collection":[{"href":"https:\/\/www.france.fi\/fr\/wp-json\/wp\/v2\/pages"}],"about":[{"href":"https:\/\/www.france.fi\/fr\/wp-json\/wp\/v2\/types\/page"}],"author":[{"embeddable":true,"href":"https:\/\/www.france.fi\/fr\/wp-json\/wp\/v2\/users\/2"}],"replies":[{"embeddable":true,"href":"https:\/\/www.france.fi\/fr\/wp-json\/wp\/v2\/comments?post=2561"}],"version-history":[{"count":0,"href":"https:\/\/www.france.fi\/fr\/wp-json\/wp\/v2\/pages\/2561\/revisions"}],"up":[{"embeddable":true,"href":"https:\/\/www.france.fi\/fr\/wp-json\/wp\/v2\/pages\/11"}],"wp:attachment":[{"href":"https:\/\/www.france.fi\/fr\/wp-json\/wp\/v2\/media?parent=2561"}],"curies":[{"name":"wp","href":"https:\/\/api.w.org\/{rel}","templated":true}]}}