{"id":2601,"date":"2020-11-20T12:04:15","date_gmt":"2020-11-20T10:04:15","guid":{"rendered":"http:\/\/www.france.fi\/?page_id=2601"},"modified":"2026-03-13T15:45:59","modified_gmt":"2026-03-13T13:45:59","slug":"tef-test-devaluation-du-francais","status":"publish","type":"page","link":"https:\/\/www.france.fi\/fr\/tests-et-examens\/tef-test-devaluation-du-francais\/","title":{"rendered":"TEF \u2013 Test d\u2019\u00c9valuation du Fran\u00e7ais"},"content":{"rendered":"\n<p>Contrairement au DELF et au DALF, le candidat ne choisit pas un niveau au moment de son inscription : Le TEF est un <strong>test progressif multiniveau (du A1 au C2)<\/strong> compos\u00e9 de cinq \u00e9preuves (compr\u00e9hension orale, compr\u00e9hension \u00e9crite, expression orale, expression \u00e9crite et lexique et structure), d\u00e9livr\u00e9 par la Chambre de Commerce et d\u2019Industrie de Paris. Le candidat obtient un r\u00e9sultat par comp\u00e9tence. Ainsi, il peut \u00eatre \u00e9valu\u00e9 C1 en compr\u00e9hension \u00e9crite, B2 en compr\u00e9hension orale, B1 en expression \u00e9crite et B2 en expression orale, en fonction de ses performances.<\/p>\n<p>C\u2019est un test particuli\u00e8rement adapt\u00e9 aux personnes d\u00e9sirant obtenir une justification pr\u00e9cise et diff\u00e9renci\u00e9e de leurs comp\u00e9tences linguistiques selon les domaines de compr\u00e9hension et de production.<\/p>\n<p>Le TEF permet d\u2019obtenir une certification <strong>valable deux ans<\/strong> \u00e0 partir de la date de passation du test. Cette certification est reconnue internationalement par un grand nombre d\u2019institutions et de gouvernements.<\/p>\n<p>L\u2019attestation de r\u00e9ussite est disponible dans un d\u00e9lai de 4 \u00e0 6 semaines apr\u00e8s la passation.<\/p>\n\n\n\n<details class=\"wp-block-details is-layout-flow wp-block-details-is-layout-flow\"><summary><strong>Description des \u00e9preuves<\/strong><\/summary>\n<p><strong>Il existe plusieurs versions du test qui r\u00e9pondent \u00e0 diff\u00e9rents besoins\u00a0:<\/strong><\/p>\n<ul>\n<li><a href=\"https:\/\/www.lefrancaisdesaffaires.fr\/tests-diplomes\/test-evaluation-francais-tef\/\" target=\"_blank\" rel=\"noopener\"><em><span style=\"color: #3366ff;\">TEF<\/span><\/em><\/a><em> tout public\u00a0:<\/em> vous souhaitez \u00e9valuer vos comp\u00e9tences pour des raisons personnelles, acad\u00e9miques ou professionnelles.<br \/>Il est compos\u00e9 de <strong style=\"font-size: inherit;\">cinq \u00e9preuves optionnelles<\/strong><span style=\"font-size: inherit;\"> d\u2019une dur\u00e9e totale de <strong>3h25<\/strong> (compr\u00e9hension orale, compr\u00e9hension \u00e9crite, lexique et structure, expression orale, expression \u00e9crite).<\/span><\/li>\n<li><span style=\"font-size: inherit;\"><em><a href=\"https:\/\/www.lefrancaisdesaffaires.fr\/tests-diplomes\/test-evaluation-francais-tef\/tef-irn\/\"><span style=\"color: #3366ff;\">TEF Int\u00e9gration, R\u00e9sidence et Nationalit\u00e9<\/span><\/a> :<\/em>\u00a0vous souhaitez justifier de votre niveau dans le cadre d\u2019une demande d\u2019acquisition de la nationalit\u00e9 fran\u00e7aise.<br \/>Il est compos\u00e9 de <strong>quatre \u00e9preuves obligatoires<\/strong> d\u2019une dur\u00e9e de <strong>1h20 <\/strong>(compr\u00e9hension orale, compr\u00e9hension \u00e9crite, expression orale, expression \u00e9crite).<\/span><\/li>\n<li><span style=\"font-size: inherit;\"><em><a href=\"https:\/\/www.lefrancaisdesaffaires.fr\/tests-diplomes\/test-evaluation-francais-tef\/tef-canada\/\"><span style=\"color: #3366ff;\">TEF Canada<\/span><\/a> ou <a href=\"https:\/\/www.lefrancaisdesaffaires.fr\/tests-diplomes\/test-evaluation-francais-tef\/tef-quebec-tefaq\/\"><span style=\"color: #3366ff;\">TEF Qu\u00e9bec (TEFaQ)<\/span><\/a><\/em>\u00a0<em>(pour le Qu\u00e9bec)<\/em>: vous souhaitez vous installer durablement au Canada f\u00e9d\u00e9ral ou au Qu\u00e9bec et vous devez faire \u00e9valuer votre niveau de fran\u00e7ais dans le cadre de votre proc\u00e9dure d\u2019immigration.<br \/><\/span>Le <strong style=\"font-size: inherit;\">TEF Canada<\/strong><span style=\"font-size: inherit;\"> est compos\u00e9 de <\/span><strong style=\"font-size: inherit;\">quatre \u00e9preuves obligatoires<\/strong><span style=\"font-size: inherit;\"> d\u2019une dur\u00e9e totale de <strong>2h55<\/strong> (compr\u00e9hension orale, compr\u00e9hension \u00e9crite, expression orale, expression \u00e9crite).<br \/><\/span>Le <strong style=\"font-size: inherit;\">TEFaQ<\/strong><span style=\"font-size: inherit;\"> est compos\u00e9 de <\/span><strong style=\"font-size: inherit;\">quatre \u00e9preuves optionnelles<\/strong><span style=\"font-size: inherit;\"> d\u2019une dur\u00e9e totale de <strong>2h55<\/strong> (vous choisissez quelles parties vous d\u00e9sirez passer vous-m\u00eame parmi les suivantes : compr\u00e9hension orale, compr\u00e9hension \u00e9crite, expression orale, expression \u00e9crite)<\/span><\/li>\n<li><a href=\"https:\/\/www.lefrancaisdesaffaires.fr\/candidat\/test-evaluation-francais\/tef-etudes\/presentation\/\" target=\"_blank\" rel=\"noopener noreferrer\"><em><span style=\"color: #3366ff;\">TEF \u00c9tudes<\/span><\/em><\/a><em>:<\/em> vous \u00eates \u00e9tudiant et vous souhaitez int\u00e9grer une licence 1 dans une universit\u00e9 fran\u00e7aise.<br \/>Il est compos\u00e9 de <strong style=\"font-size: inherit;\">quatre \u00e9preuves obligatoires<\/strong><span style=\"font-size: inherit;\"> d\u2019une dur\u00e9e totale de <strong>3h10<\/strong> (compr\u00e9hension orale, compr\u00e9hension \u00e9crite, lexique et structure, expression \u00e9crite).<\/span><\/li>\n<\/ul>\n<\/details>\n\n\n\n<details class=\"wp-block-details is-layout-flow wp-block-details-is-layout-flow\"><summary><strong>Se pr\u00e9parer au TEF<\/strong><\/summary>\n<p>Le site Internet de la Chambre de commerce et d\u2019industrie de Paris met \u00e0 votre disposition des ressources pour vous pr\u00e9parer aux \u00e9preuves du TEF. Vous y trouverez des tutoriels, des conseils ainsi que des exemples d\u2019\u00e9preuves \u2013 <span style=\"color: #3366ff;\"><a style=\"color: #3366ff;\" href=\"https:\/\/www.lefrancaisdesaffaires.fr\/tests-diplomes\/outils-preparation-tef\/\" target=\"_blank\" rel=\"noopener\">Cliquez ici<\/a><\/span><\/p>\n<\/details>\n\n\n\n<details class=\"wp-block-details is-layout-flow wp-block-details-is-layout-flow\"><summary><strong>Tarifs<\/strong><\/summary>\n<table style=\"border-collapse: collapse; width: 100%;\">\n<tbody>\n<tr style=\"height: 30px;\">\n<td style=\"width: 50%; height: 30px;\">TEF (5 \u00e9preuves au choix&nbsp;: compr\u00e9hension orale, compr\u00e9hension \u00e9crite, lexique et structure, expression orale, expression \u00e9crite)<\/td>\n<td style=\"width: 50%; height: 30px;\">55 euros par \u00e9preuve<\/td>\n<\/tr>\n<tr style=\"height: 57px;\">\n<td style=\"width: 50%;\">TEF Naturalisation (4 \u00e9preuves obligatoires)<\/td>\n<td style=\"width: 50%;\">175 euros<\/td>\n<\/tr>\n<tr style=\"height: 30px;\">\n<td style=\"width: 50%; height: 30px;\">TEF Canada (4 \u00e9preuves obligatoires)<\/td>\n<td style=\"width: 50%; height: 30px;\">240 euros<\/td>\n<\/tr>\n<tr style=\"height: 30px;\">\n<td style=\"width: 50%; height: 30px;\">TEFaQ (pour le Qu\u00e9bec) (4 \u00e9preuves au choix&nbsp;: compr\u00e9hension \u00e9crite ou orale, expression \u00e9crite ou orale)<\/td>\n<td style=\"width: 50%; height: 30px;\">60 euros par \u00e9preuve<\/td>\n<\/tr>\n<tr style=\"height: 30px;\">\n<td style=\"width: 50%; height: 30px;\">TEF \u00c9tudes (4 \u00e9preuves obligatoires)<\/td>\n<td style=\"width: 50%; height: 30px;\">175 euros<\/td>\n<\/tr>\n<\/tbody>\n<\/table>\n<p><strong style=\"font-family: Roboto, sans-serif; font-size: inherit; letter-spacing: normal;\"><em>10 euros de frais de dossier seront ajout\u00e9s \u00e0 ces tarifs.<\/em><\/strong><\/p>\n<\/details>\n\n\n\n<h4><strong>Calendrier des \u00e9preuves et inscription :<\/strong><\/h4>\n<p><strong>Les dates de test peuvent \u00eatre fix\u00e9es \u00e0 la demande, sous r\u00e9serve de places disponibles,<\/strong> <strong>dans un d\u00e9lai minimum de 15 jours apr\u00e8s l\u2019enregistrement de la demande. <\/strong><\/p>\n<p>Si vous souhaitez passer le TEF,\u00a0compl\u00e9tez le formulaire ci-dessous\u00a0:<\/p>\n<p><iframe loading=\"lazy\" style=\"border: none; max-width: 100%; max-height: 100vh;\" src=\"https:\/\/forms.office.com\/Pages\/ResponsePage.aspx?id=j35b_3gxyEuOb4R2M56TILns47Ij4r5CotndxguSDWxURDIzVUw5QkVDVDFKR1dJNlpOUU1VRE1EUC4u&amp;embed=true\" width=\"640px\" height=\"480px\" frameborder=\"0\" marginwidth=\"0\" marginheight=\"0\" allowfullscreen=\"allowfullscreen\" data-mce-fragment=\"1\"> <\/iframe><\/p>\n\n\n\n<p><\/p>\n","protected":false},"excerpt":{"rendered":"<p>Contrairement au DELF et au DALF, le candidat ne choisit pas un niveau au moment de son inscription : Le TEF est un test progressif multiniveau (du A1 au C2) compos\u00e9 de cinq \u00e9preuves (compr\u00e9hension orale, compr\u00e9hension \u00e9crite, expression orale, expression \u00e9crite et lexique et structure), d\u00e9livr\u00e9 par la Chambre de Commerce et d\u2019Industrie de [&hellip;]<\/p>\n","protected":false},"author":2,"featured_media":0,"parent":11,"menu_order":4,"comment_status":"closed","ping_status":"closed","template":"","meta":{"footnotes":""},"class_list":["post-2601","page","type-page","status-publish","hentry","no-media"],"yoast_head":"<!-- This site is optimized with the Yoast SEO plugin v27.4 - https:\/\/yoast.com\/product\/yoast-seo-wordpress\/ -->\n<title>TEF \u2013 Test d\u2019\u00c9valuation du Fran\u00e7ais - Institut fran\u00e7ais<\/title>\n<meta name=\"robots\" content=\"index, follow, max-snippet:-1, max-image-preview:large, max-video-preview:-1\" \/>\n<link rel=\"canonical\" href=\"https:\/\/www.france.fi\/fr\/tests-et-examens\/tef-test-devaluation-du-francais\/\" \/>\n<meta property=\"og:locale\" content=\"fr_FR\" \/>\n<meta property=\"og:type\" content=\"article\" \/>\n<meta property=\"og:title\" content=\"TEF \u2013 Test d\u2019\u00c9valuation du Fran\u00e7ais - Institut fran\u00e7ais\" \/>\n<meta property=\"og:description\" content=\"Contrairement au DELF et au DALF, le candidat ne choisit pas un niveau au moment de son inscription : Le TEF est un test progressif multiniveau (du A1 au C2) compos\u00e9 de cinq \u00e9preuves (compr\u00e9hension orale, compr\u00e9hension \u00e9crite, expression orale, expression \u00e9crite et lexique et structure), d\u00e9livr\u00e9 par la Chambre de Commerce et d\u2019Industrie de [&hellip;]\" \/>\n<meta property=\"og:url\" content=\"https:\/\/www.france.fi\/fr\/tests-et-examens\/tef-test-devaluation-du-francais\/\" \/>\n<meta property=\"og:site_name\" content=\"Institut fran\u00e7ais\" \/>\n<meta property=\"article:publisher\" content=\"https:\/\/www.facebook.com\/institutfrancaisfi\" \/>\n<meta property=\"article:modified_time\" content=\"2026-03-13T13:45:59+00:00\" \/>\n<meta name=\"twitter:card\" content=\"summary_large_image\" \/>\n<meta name=\"twitter:site\" content=\"@IFFinlande\" \/>\n<meta name=\"twitter:label1\" content=\"Dur\u00e9e de lecture estim\u00e9e\" \/>\n\t<meta name=\"twitter:data1\" content=\"3 minutes\" \/>\n<script type=\"application\/ld+json\" class=\"yoast-schema-graph\">{\"@context\":\"https:\\\/\\\/schema.org\",\"@graph\":[{\"@type\":\"WebPage\",\"@id\":\"https:\\\/\\\/www.france.fi\\\/fr\\\/tests-et-examens\\\/tef-test-devaluation-du-francais\\\/\",\"url\":\"https:\\\/\\\/www.france.fi\\\/fr\\\/tests-et-examens\\\/tef-test-devaluation-du-francais\\\/\",\"name\":\"TEF \u2013 Test d\u2019\u00c9valuation du Fran\u00e7ais - Institut fran\u00e7ais\",\"isPartOf\":{\"@id\":\"https:\\\/\\\/www.france.fi\\\/#website\"},\"datePublished\":\"2020-11-20T10:04:15+00:00\",\"dateModified\":\"2026-03-13T13:45:59+00:00\",\"breadcrumb\":{\"@id\":\"https:\\\/\\\/www.france.fi\\\/fr\\\/tests-et-examens\\\/tef-test-devaluation-du-francais\\\/#breadcrumb\"},\"inLanguage\":\"fr-FR\",\"potentialAction\":[{\"@type\":\"ReadAction\",\"target\":[\"https:\\\/\\\/www.france.fi\\\/fr\\\/tests-et-examens\\\/tef-test-devaluation-du-francais\\\/\"]}]},{\"@type\":\"BreadcrumbList\",\"@id\":\"https:\\\/\\\/www.france.fi\\\/fr\\\/tests-et-examens\\\/tef-test-devaluation-du-francais\\\/#breadcrumb\",\"itemListElement\":[{\"@type\":\"ListItem\",\"position\":1,\"name\":\"Home\",\"item\":\"https:\\\/\\\/www.france.fi\\\/fr\\\/\"},{\"@type\":\"ListItem\",\"position\":2,\"name\":\"Examens\",\"item\":\"https:\\\/\\\/www.france.fi\\\/fr\\\/tests-et-examens\\\/\"},{\"@type\":\"ListItem\",\"position\":3,\"name\":\"TEF \u2013 Test d\u2019\u00c9valuation du Fran\u00e7ais\"}]},{\"@type\":\"WebSite\",\"@id\":\"https:\\\/\\\/www.france.fi\\\/#website\",\"url\":\"https:\\\/\\\/www.france.fi\\\/\",\"name\":\"Institut fran\u00e7ais de Finlande\",\"description\":\"\",\"publisher\":{\"@id\":\"https:\\\/\\\/www.france.fi\\\/#organization\"},\"potentialAction\":[{\"@type\":\"SearchAction\",\"target\":{\"@type\":\"EntryPoint\",\"urlTemplate\":\"https:\\\/\\\/www.france.fi\\\/?s={search_term_string}\"},\"query-input\":{\"@type\":\"PropertyValueSpecification\",\"valueRequired\":true,\"valueName\":\"search_term_string\"}}],\"inLanguage\":\"fr-FR\"},{\"@type\":\"Organization\",\"@id\":\"https:\\\/\\\/www.france.fi\\\/#organization\",\"name\":\"Institut fran\u00e7ais de Finlande\",\"url\":\"https:\\\/\\\/www.france.fi\\\/\",\"logo\":{\"@type\":\"ImageObject\",\"inLanguage\":\"fr-FR\",\"@id\":\"https:\\\/\\\/www.france.fi\\\/#\\\/schema\\\/logo\\\/image\\\/\",\"url\":\"https:\\\/\\\/www.france.fi\\\/wp-content\\\/uploads\\\/2024\\\/02\\\/if-logo-1.png\",\"contentUrl\":\"https:\\\/\\\/www.france.fi\\\/wp-content\\\/uploads\\\/2024\\\/02\\\/if-logo-1.png\",\"width\":687,\"height\":459,\"caption\":\"Institut fran\u00e7ais de Finlande\"},\"image\":{\"@id\":\"https:\\\/\\\/www.france.fi\\\/#\\\/schema\\\/logo\\\/image\\\/\"},\"sameAs\":[\"https:\\\/\\\/www.facebook.com\\\/institutfrancaisfi\",\"https:\\\/\\\/x.com\\\/IFFinlande\",\"https:\\\/\\\/www.instagram.com\\\/iffinlande\\\/\",\"https:\\\/\\\/fr.linkedin.com\\\/organization-guest\\\/company\\\/institut-fran-ais-de-finlande\",\"https:\\\/\\\/www.youtube.com\\\/channel\\\/UCHAitdpmSbeP78eL49XMotA\"]}]}<\/script>\n<!-- \/ Yoast SEO plugin. -->","yoast_head_json":{"title":"TEF \u2013 Test d\u2019\u00c9valuation du Fran\u00e7ais - Institut fran\u00e7ais","robots":{"index":"index","follow":"follow","max-snippet":"max-snippet:-1","max-image-preview":"max-image-preview:large","max-video-preview":"max-video-preview:-1"},"canonical":"https:\/\/www.france.fi\/fr\/tests-et-examens\/tef-test-devaluation-du-francais\/","og_locale":"fr_FR","og_type":"article","og_title":"TEF \u2013 Test d\u2019\u00c9valuation du Fran\u00e7ais - Institut fran\u00e7ais","og_description":"Contrairement au DELF et au DALF, le candidat ne choisit pas un niveau au moment de son inscription : Le TEF est un test progressif multiniveau (du A1 au C2) compos\u00e9 de cinq \u00e9preuves (compr\u00e9hension orale, compr\u00e9hension \u00e9crite, expression orale, expression \u00e9crite et lexique et structure), d\u00e9livr\u00e9 par la Chambre de Commerce et d\u2019Industrie de [&hellip;]","og_url":"https:\/\/www.france.fi\/fr\/tests-et-examens\/tef-test-devaluation-du-francais\/","og_site_name":"Institut fran\u00e7ais","article_publisher":"https:\/\/www.facebook.com\/institutfrancaisfi","article_modified_time":"2026-03-13T13:45:59+00:00","twitter_card":"summary_large_image","twitter_site":"@IFFinlande","twitter_misc":{"Dur\u00e9e de lecture estim\u00e9e":"3 minutes"},"schema":{"@context":"https:\/\/schema.org","@graph":[{"@type":"WebPage","@id":"https:\/\/www.france.fi\/fr\/tests-et-examens\/tef-test-devaluation-du-francais\/","url":"https:\/\/www.france.fi\/fr\/tests-et-examens\/tef-test-devaluation-du-francais\/","name":"TEF \u2013 Test d\u2019\u00c9valuation du Fran\u00e7ais - Institut fran\u00e7ais","isPartOf":{"@id":"https:\/\/www.france.fi\/#website"},"datePublished":"2020-11-20T10:04:15+00:00","dateModified":"2026-03-13T13:45:59+00:00","breadcrumb":{"@id":"https:\/\/www.france.fi\/fr\/tests-et-examens\/tef-test-devaluation-du-francais\/#breadcrumb"},"inLanguage":"fr-FR","potentialAction":[{"@type":"ReadAction","target":["https:\/\/www.france.fi\/fr\/tests-et-examens\/tef-test-devaluation-du-francais\/"]}]},{"@type":"BreadcrumbList","@id":"https:\/\/www.france.fi\/fr\/tests-et-examens\/tef-test-devaluation-du-francais\/#breadcrumb","itemListElement":[{"@type":"ListItem","position":1,"name":"Home","item":"https:\/\/www.france.fi\/fr\/"},{"@type":"ListItem","position":2,"name":"Examens","item":"https:\/\/www.france.fi\/fr\/tests-et-examens\/"},{"@type":"ListItem","position":3,"name":"TEF \u2013 Test d\u2019\u00c9valuation du Fran\u00e7ais"}]},{"@type":"WebSite","@id":"https:\/\/www.france.fi\/#website","url":"https:\/\/www.france.fi\/","name":"Institut fran\u00e7ais de Finlande","description":"","publisher":{"@id":"https:\/\/www.france.fi\/#organization"},"potentialAction":[{"@type":"SearchAction","target":{"@type":"EntryPoint","urlTemplate":"https:\/\/www.france.fi\/?s={search_term_string}"},"query-input":{"@type":"PropertyValueSpecification","valueRequired":true,"valueName":"search_term_string"}}],"inLanguage":"fr-FR"},{"@type":"Organization","@id":"https:\/\/www.france.fi\/#organization","name":"Institut fran\u00e7ais de Finlande","url":"https:\/\/www.france.fi\/","logo":{"@type":"ImageObject","inLanguage":"fr-FR","@id":"https:\/\/www.france.fi\/#\/schema\/logo\/image\/","url":"https:\/\/www.france.fi\/wp-content\/uploads\/2024\/02\/if-logo-1.png","contentUrl":"https:\/\/www.france.fi\/wp-content\/uploads\/2024\/02\/if-logo-1.png","width":687,"height":459,"caption":"Institut fran\u00e7ais de Finlande"},"image":{"@id":"https:\/\/www.france.fi\/#\/schema\/logo\/image\/"},"sameAs":["https:\/\/www.facebook.com\/institutfrancaisfi","https:\/\/x.com\/IFFinlande","https:\/\/www.instagram.com\/iffinlande\/","https:\/\/fr.linkedin.com\/organization-guest\/company\/institut-fran-ais-de-finlande","https:\/\/www.youtube.com\/channel\/UCHAitdpmSbeP78eL49XMotA"]}]}},"_links":{"self":[{"href":"https:\/\/www.france.fi\/fr\/wp-json\/wp\/v2\/pages\/2601","targetHints":{"allow":["GET"]}}],"collection":[{"href":"https:\/\/www.france.fi\/fr\/wp-json\/wp\/v2\/pages"}],"about":[{"href":"https:\/\/www.france.fi\/fr\/wp-json\/wp\/v2\/types\/page"}],"author":[{"embeddable":true,"href":"https:\/\/www.france.fi\/fr\/wp-json\/wp\/v2\/users\/2"}],"replies":[{"embeddable":true,"href":"https:\/\/www.france.fi\/fr\/wp-json\/wp\/v2\/comments?post=2601"}],"version-history":[{"count":0,"href":"https:\/\/www.france.fi\/fr\/wp-json\/wp\/v2\/pages\/2601\/revisions"}],"up":[{"embeddable":true,"href":"https:\/\/www.france.fi\/fr\/wp-json\/wp\/v2\/pages\/11"}],"wp:attachment":[{"href":"https:\/\/www.france.fi\/fr\/wp-json\/wp\/v2\/media?parent=2601"}],"curies":[{"name":"wp","href":"https:\/\/api.w.org\/{rel}","templated":true}]}}