{"id":3427,"date":"2020-12-21T12:23:48","date_gmt":"2020-12-21T10:23:48","guid":{"rendered":"http:\/\/www.france.fi\/?page_id=3427"},"modified":"2026-03-12T13:12:45","modified_gmt":"2026-03-12T11:12:45","slug":"cours-pour-les-entreprises-et-les-institutions","status":"publish","type":"page","link":"https:\/\/www.france.fi\/fr\/apprendre-le-francais\/cours-pour-les-entreprises-et-les-institutions\/","title":{"rendered":"Entreprises et institutions"},"content":{"rendered":"\r\n<table style=\"border-collapse: collapse; width: 100%;\">\r\n<tbody>\r\n<tr>\r\n<td style=\"width: 1.72414%; border-style: hidden;\"><img loading=\"lazy\" decoding=\"async\" class=\"size-medium wp-image-21303 alignright\" src=\"https:\/\/www.france.fi\/wp-content\/uploads\/2025\/09\/expert.gif\" alt=\"\" width=\"46\" height=\"46\" \/><\/td>\r\n<td style=\"width: 98.2759%; border-style: hidden;\"><strong>Des formateurs experts<\/strong><br \/>Les formations de fran\u00e7ais professionnel de l\u2019Institut fran\u00e7ais, con\u00e7ues pour les entreprises, organismes publics et institutions, sont assur\u00e9es par des professeurs <strong>natifs<\/strong>, experts en langue et en culture fran\u00e7aises.<\/td>\r\n<\/tr>\r\n<tr>\r\n<td style=\"width: 1.72414%; border-style: hidden;\"><img loading=\"lazy\" decoding=\"async\" class=\"size-full wp-image-21286 alignright\" style=\"letter-spacing: -0.315px;\" src=\"https:\/\/www.france.fi\/wp-content\/uploads\/2025\/09\/cible.gif\" alt=\"\" width=\"56\" height=\"56\" \/><\/td>\r\n<td style=\"width: 98.2759%; border-style: hidden;\"><strong>Un enseignement sur mesure<\/strong><br \/>Que vous souhaitiez : renforcer les comp\u00e9tences orales de votre personnel, d\u00e9velopper une meilleure compr\u00e9hension de documents en fran\u00e7ais, suivre une\u00a0\u00a0\u00a0 formation en communication interculturelle, nous construisons avec vous un programme adapt\u00e9 \u00e0 vos besoins.<\/td>\r\n<\/tr>\r\n<tr>\r\n<td style=\"width: 1.72414%; border-style: hidden;\"><img loading=\"lazy\" decoding=\"async\" class=\"size-full wp-image-21300 alignright\" style=\"letter-spacing: -0.315px;\" src=\"https:\/\/www.france.fi\/wp-content\/uploads\/2025\/09\/cerveau.gif\" alt=\"\" width=\"42\" height=\"42\" \/><\/td>\r\n<td style=\"width: 98.2759%; border-style: hidden;\"><strong>Une langue vivante et utile<\/strong><br \/>Nos cours permettent aux apprenants de d\u00e9couvrir le fran\u00e7ais ou de renforcer leurs comp\u00e9tences en fran\u00e7ais g\u00e9n\u00e9ral, sans se limiter \u00e0 un usage strictement professionnel.<\/td>\r\n<\/tr>\r\n<tr>\r\n<td style=\"width: 1.72414%; border-style: hidden;\"><img loading=\"lazy\" decoding=\"async\" class=\"size-full wp-image-21283 alignright\" style=\"letter-spacing: -0.315px;\" src=\"https:\/\/www.france.fi\/wp-content\/uploads\/2025\/09\/niveaux.gif\" alt=\"\" width=\"59\" height=\"59\" \/><\/td>\r\n<td style=\"width: 98.2759%; border-style: hidden;\"><strong>Flexibilit\u00e9 des formats<\/strong><br \/>Les formations peuvent avoir lieu : dans vos locaux, \u00e0 l\u2019Institut ou en ligne.<\/td>\r\n<\/tr>\r\n<tr>\r\n<td style=\"width: 1.72414%; border-style: hidden;\"><img loading=\"lazy\" decoding=\"async\" class=\"size-full wp-image-21306 alignright\" style=\"letter-spacing: -0.315px;\" src=\"https:\/\/www.france.fi\/wp-content\/uploads\/2025\/09\/certificat.gif\" alt=\"\" width=\"44\" height=\"44\" \/><\/td>\r\n<td style=\"width: 98.2759%; border-style: hidden;\"><strong>Certifications officielles<\/strong><br \/>Nos \u00e9quipes peuvent \u00e9galement vous conseiller pour choisir un <strong>dipl\u00f4me officiel de langue fran\u00e7aise<\/strong> adapt\u00e9 \u00e0 vos objectifs.<\/td>\r\n<\/tr>\r\n<\/tbody>\r\n<\/table>\r\n<p>Nous vous invitons \u00e0 <span style=\"color: #3366ff;\"><a style=\"color: #3366ff;\" href=\"https:\/\/www.france.fi\/wp-content\/uploads\/2025\/04\/Brochure-generique-site-FR-s.pdf\" target=\"_blank\" rel=\"noopener\">t\u00e9l\u00e9charger notre brochure<\/a><\/span> afin de d\u00e9couvrir en d\u00e9tail l\u2019ensemble de notre offre destin\u00e9e aux entreprises. Vous y trouverez toutes les informations concernant nos programmes, nos m\u00e9thodes et les solutions adapt\u00e9es \u00e0 vos besoins, qu\u2019il s\u2019agisse de formations linguistiques, de perfectionnement professionnel ou d\u2019accompagnement sur mesure.<\/p>\r\n<p>Si vous souhaitez obtenir des renseignements compl\u00e9mentaires, discuter de votre projet ou recevoir une proposition personnalis\u00e9e, notre \u00e9quipe se tient \u00e0 votre disposition. N\u2019h\u00e9sitez pas \u00e0 nous contacter par courriel \u00e0 l\u2019adresse suivante : <span style=\"color: #3366ff;\"><a style=\"color: #3366ff;\" href=\"mailto:cours@france.fi\"><strong>cours@france.fi<\/strong><\/a><\/span>. Nous serons ravis de r\u00e9pondre \u00e0 vos questions et de vous conseiller dans le choix de la formule la plus adapt\u00e9e \u00e0 votre organisation.<\/p>\r\n","protected":false},"excerpt":{"rendered":"<p>Des formateurs expertsLes formations de fran\u00e7ais professionnel de l\u2019Institut fran\u00e7ais, con\u00e7ues pour les entreprises, organismes publics et institutions, sont assur\u00e9es par des professeurs natifs, experts en langue et en culture fran\u00e7aises. Un enseignement sur mesureQue vous souhaitiez : renforcer les comp\u00e9tences orales de votre personnel, d\u00e9velopper une meilleure compr\u00e9hension de documents en fran\u00e7ais, suivre une\u00a0\u00a0\u00a0 [&hellip;]<\/p>\n","protected":false},"author":2,"featured_media":24154,"parent":2,"menu_order":2,"comment_status":"closed","ping_status":"closed","template":"","meta":{"footnotes":""},"class_list":["post-3427","page","type-page","status-publish","has-post-thumbnail","hentry"],"yoast_head":"<!-- This site is optimized with the Yoast SEO plugin v27.4 - https:\/\/yoast.com\/product\/yoast-seo-wordpress\/ -->\n<title>Entreprises et institutions - Institut fran\u00e7ais<\/title>\n<meta name=\"robots\" content=\"index, follow, max-snippet:-1, max-image-preview:large, max-video-preview:-1\" \/>\n<link rel=\"canonical\" href=\"https:\/\/www.france.fi\/fr\/apprendre-le-francais\/cours-pour-les-entreprises-et-les-institutions\/\" \/>\n<meta property=\"og:locale\" content=\"fr_FR\" \/>\n<meta property=\"og:type\" content=\"article\" \/>\n<meta property=\"og:title\" content=\"Entreprises et institutions - Institut fran\u00e7ais\" \/>\n<meta property=\"og:description\" content=\"Des formateurs expertsLes formations de fran\u00e7ais professionnel de l\u2019Institut fran\u00e7ais, con\u00e7ues pour les entreprises, organismes publics et institutions, sont assur\u00e9es par des professeurs natifs, experts en langue et en culture fran\u00e7aises. Un enseignement sur mesureQue vous souhaitiez : renforcer les comp\u00e9tences orales de votre personnel, d\u00e9velopper une meilleure compr\u00e9hension de documents en fran\u00e7ais, suivre une\u00a0\u00a0\u00a0 [&hellip;]\" \/>\n<meta property=\"og:url\" content=\"https:\/\/www.france.fi\/fr\/apprendre-le-francais\/cours-pour-les-entreprises-et-les-institutions\/\" \/>\n<meta property=\"og:site_name\" content=\"Institut fran\u00e7ais\" \/>\n<meta property=\"article:publisher\" content=\"https:\/\/www.facebook.com\/institutfrancaisfi\" \/>\n<meta property=\"article:modified_time\" content=\"2026-03-12T11:12:45+00:00\" \/>\n<meta property=\"og:image\" content=\"https:\/\/www.france.fi\/wp-content\/uploads\/2026\/03\/entreprises.jpg\" \/>\n\t<meta property=\"og:image:width\" content=\"1920\" \/>\n\t<meta property=\"og:image:height\" content=\"1080\" \/>\n\t<meta property=\"og:image:type\" content=\"image\/jpeg\" \/>\n<meta name=\"twitter:card\" content=\"summary_large_image\" \/>\n<meta name=\"twitter:site\" content=\"@IFFinlande\" \/>\n<meta name=\"twitter:label1\" content=\"Dur\u00e9e de lecture estim\u00e9e\" \/>\n\t<meta name=\"twitter:data1\" content=\"3 minutes\" \/>\n<script type=\"application\/ld+json\" class=\"yoast-schema-graph\">{\"@context\":\"https:\\\/\\\/schema.org\",\"@graph\":[{\"@type\":\"WebPage\",\"@id\":\"https:\\\/\\\/www.france.fi\\\/fr\\\/apprendre-le-francais\\\/cours-pour-les-entreprises-et-les-institutions\\\/\",\"url\":\"https:\\\/\\\/www.france.fi\\\/fr\\\/apprendre-le-francais\\\/cours-pour-les-entreprises-et-les-institutions\\\/\",\"name\":\"Entreprises et institutions - Institut fran\u00e7ais\",\"isPartOf\":{\"@id\":\"https:\\\/\\\/www.france.fi\\\/#website\"},\"primaryImageOfPage\":{\"@id\":\"https:\\\/\\\/www.france.fi\\\/fr\\\/apprendre-le-francais\\\/cours-pour-les-entreprises-et-les-institutions\\\/#primaryimage\"},\"image\":{\"@id\":\"https:\\\/\\\/www.france.fi\\\/fr\\\/apprendre-le-francais\\\/cours-pour-les-entreprises-et-les-institutions\\\/#primaryimage\"},\"thumbnailUrl\":\"https:\\\/\\\/www.france.fi\\\/wp-content\\\/uploads\\\/2026\\\/03\\\/entreprises.jpg\",\"datePublished\":\"2020-12-21T10:23:48+00:00\",\"dateModified\":\"2026-03-12T11:12:45+00:00\",\"breadcrumb\":{\"@id\":\"https:\\\/\\\/www.france.fi\\\/fr\\\/apprendre-le-francais\\\/cours-pour-les-entreprises-et-les-institutions\\\/#breadcrumb\"},\"inLanguage\":\"fr-FR\",\"potentialAction\":[{\"@type\":\"ReadAction\",\"target\":[\"https:\\\/\\\/www.france.fi\\\/fr\\\/apprendre-le-francais\\\/cours-pour-les-entreprises-et-les-institutions\\\/\"]}]},{\"@type\":\"ImageObject\",\"inLanguage\":\"fr-FR\",\"@id\":\"https:\\\/\\\/www.france.fi\\\/fr\\\/apprendre-le-francais\\\/cours-pour-les-entreprises-et-les-institutions\\\/#primaryimage\",\"url\":\"https:\\\/\\\/www.france.fi\\\/wp-content\\\/uploads\\\/2026\\\/03\\\/entreprises.jpg\",\"contentUrl\":\"https:\\\/\\\/www.france.fi\\\/wp-content\\\/uploads\\\/2026\\\/03\\\/entreprises.jpg\",\"width\":1920,\"height\":1080},{\"@type\":\"BreadcrumbList\",\"@id\":\"https:\\\/\\\/www.france.fi\\\/fr\\\/apprendre-le-francais\\\/cours-pour-les-entreprises-et-les-institutions\\\/#breadcrumb\",\"itemListElement\":[{\"@type\":\"ListItem\",\"position\":1,\"name\":\"Home\",\"item\":\"https:\\\/\\\/www.france.fi\\\/fr\\\/\"},{\"@type\":\"ListItem\",\"position\":2,\"name\":\"Cours de fran\u00e7ais\",\"item\":\"https:\\\/\\\/www.france.fi\\\/fr\\\/apprendre-le-francais\\\/\"},{\"@type\":\"ListItem\",\"position\":3,\"name\":\"Entreprises et institutions\"}]},{\"@type\":\"WebSite\",\"@id\":\"https:\\\/\\\/www.france.fi\\\/#website\",\"url\":\"https:\\\/\\\/www.france.fi\\\/\",\"name\":\"Institut fran\u00e7ais de Finlande\",\"description\":\"\",\"publisher\":{\"@id\":\"https:\\\/\\\/www.france.fi\\\/#organization\"},\"potentialAction\":[{\"@type\":\"SearchAction\",\"target\":{\"@type\":\"EntryPoint\",\"urlTemplate\":\"https:\\\/\\\/www.france.fi\\\/?s={search_term_string}\"},\"query-input\":{\"@type\":\"PropertyValueSpecification\",\"valueRequired\":true,\"valueName\":\"search_term_string\"}}],\"inLanguage\":\"fr-FR\"},{\"@type\":\"Organization\",\"@id\":\"https:\\\/\\\/www.france.fi\\\/#organization\",\"name\":\"Institut fran\u00e7ais de Finlande\",\"url\":\"https:\\\/\\\/www.france.fi\\\/\",\"logo\":{\"@type\":\"ImageObject\",\"inLanguage\":\"fr-FR\",\"@id\":\"https:\\\/\\\/www.france.fi\\\/#\\\/schema\\\/logo\\\/image\\\/\",\"url\":\"https:\\\/\\\/www.france.fi\\\/wp-content\\\/uploads\\\/2024\\\/02\\\/if-logo-1.png\",\"contentUrl\":\"https:\\\/\\\/www.france.fi\\\/wp-content\\\/uploads\\\/2024\\\/02\\\/if-logo-1.png\",\"width\":687,\"height\":459,\"caption\":\"Institut fran\u00e7ais de Finlande\"},\"image\":{\"@id\":\"https:\\\/\\\/www.france.fi\\\/#\\\/schema\\\/logo\\\/image\\\/\"},\"sameAs\":[\"https:\\\/\\\/www.facebook.com\\\/institutfrancaisfi\",\"https:\\\/\\\/x.com\\\/IFFinlande\",\"https:\\\/\\\/www.instagram.com\\\/iffinlande\\\/\",\"https:\\\/\\\/fr.linkedin.com\\\/organization-guest\\\/company\\\/institut-fran-ais-de-finlande\",\"https:\\\/\\\/www.youtube.com\\\/channel\\\/UCHAitdpmSbeP78eL49XMotA\"]}]}<\/script>\n<!-- \/ Yoast SEO plugin. -->","yoast_head_json":{"title":"Entreprises et institutions - Institut fran\u00e7ais","robots":{"index":"index","follow":"follow","max-snippet":"max-snippet:-1","max-image-preview":"max-image-preview:large","max-video-preview":"max-video-preview:-1"},"canonical":"https:\/\/www.france.fi\/fr\/apprendre-le-francais\/cours-pour-les-entreprises-et-les-institutions\/","og_locale":"fr_FR","og_type":"article","og_title":"Entreprises et institutions - Institut fran\u00e7ais","og_description":"Des formateurs expertsLes formations de fran\u00e7ais professionnel de l\u2019Institut fran\u00e7ais, con\u00e7ues pour les entreprises, organismes publics et institutions, sont assur\u00e9es par des professeurs natifs, experts en langue et en culture fran\u00e7aises. Un enseignement sur mesureQue vous souhaitiez : renforcer les comp\u00e9tences orales de votre personnel, d\u00e9velopper une meilleure compr\u00e9hension de documents en fran\u00e7ais, suivre une\u00a0\u00a0\u00a0 [&hellip;]","og_url":"https:\/\/www.france.fi\/fr\/apprendre-le-francais\/cours-pour-les-entreprises-et-les-institutions\/","og_site_name":"Institut fran\u00e7ais","article_publisher":"https:\/\/www.facebook.com\/institutfrancaisfi","article_modified_time":"2026-03-12T11:12:45+00:00","og_image":[{"width":1920,"height":1080,"url":"https:\/\/www.france.fi\/wp-content\/uploads\/2026\/03\/entreprises.jpg","type":"image\/jpeg"}],"twitter_card":"summary_large_image","twitter_site":"@IFFinlande","twitter_misc":{"Dur\u00e9e de lecture estim\u00e9e":"3 minutes"},"schema":{"@context":"https:\/\/schema.org","@graph":[{"@type":"WebPage","@id":"https:\/\/www.france.fi\/fr\/apprendre-le-francais\/cours-pour-les-entreprises-et-les-institutions\/","url":"https:\/\/www.france.fi\/fr\/apprendre-le-francais\/cours-pour-les-entreprises-et-les-institutions\/","name":"Entreprises et institutions - Institut fran\u00e7ais","isPartOf":{"@id":"https:\/\/www.france.fi\/#website"},"primaryImageOfPage":{"@id":"https:\/\/www.france.fi\/fr\/apprendre-le-francais\/cours-pour-les-entreprises-et-les-institutions\/#primaryimage"},"image":{"@id":"https:\/\/www.france.fi\/fr\/apprendre-le-francais\/cours-pour-les-entreprises-et-les-institutions\/#primaryimage"},"thumbnailUrl":"https:\/\/www.france.fi\/wp-content\/uploads\/2026\/03\/entreprises.jpg","datePublished":"2020-12-21T10:23:48+00:00","dateModified":"2026-03-12T11:12:45+00:00","breadcrumb":{"@id":"https:\/\/www.france.fi\/fr\/apprendre-le-francais\/cours-pour-les-entreprises-et-les-institutions\/#breadcrumb"},"inLanguage":"fr-FR","potentialAction":[{"@type":"ReadAction","target":["https:\/\/www.france.fi\/fr\/apprendre-le-francais\/cours-pour-les-entreprises-et-les-institutions\/"]}]},{"@type":"ImageObject","inLanguage":"fr-FR","@id":"https:\/\/www.france.fi\/fr\/apprendre-le-francais\/cours-pour-les-entreprises-et-les-institutions\/#primaryimage","url":"https:\/\/www.france.fi\/wp-content\/uploads\/2026\/03\/entreprises.jpg","contentUrl":"https:\/\/www.france.fi\/wp-content\/uploads\/2026\/03\/entreprises.jpg","width":1920,"height":1080},{"@type":"BreadcrumbList","@id":"https:\/\/www.france.fi\/fr\/apprendre-le-francais\/cours-pour-les-entreprises-et-les-institutions\/#breadcrumb","itemListElement":[{"@type":"ListItem","position":1,"name":"Home","item":"https:\/\/www.france.fi\/fr\/"},{"@type":"ListItem","position":2,"name":"Cours de fran\u00e7ais","item":"https:\/\/www.france.fi\/fr\/apprendre-le-francais\/"},{"@type":"ListItem","position":3,"name":"Entreprises et institutions"}]},{"@type":"WebSite","@id":"https:\/\/www.france.fi\/#website","url":"https:\/\/www.france.fi\/","name":"Institut fran\u00e7ais de Finlande","description":"","publisher":{"@id":"https:\/\/www.france.fi\/#organization"},"potentialAction":[{"@type":"SearchAction","target":{"@type":"EntryPoint","urlTemplate":"https:\/\/www.france.fi\/?s={search_term_string}"},"query-input":{"@type":"PropertyValueSpecification","valueRequired":true,"valueName":"search_term_string"}}],"inLanguage":"fr-FR"},{"@type":"Organization","@id":"https:\/\/www.france.fi\/#organization","name":"Institut fran\u00e7ais de Finlande","url":"https:\/\/www.france.fi\/","logo":{"@type":"ImageObject","inLanguage":"fr-FR","@id":"https:\/\/www.france.fi\/#\/schema\/logo\/image\/","url":"https:\/\/www.france.fi\/wp-content\/uploads\/2024\/02\/if-logo-1.png","contentUrl":"https:\/\/www.france.fi\/wp-content\/uploads\/2024\/02\/if-logo-1.png","width":687,"height":459,"caption":"Institut fran\u00e7ais de Finlande"},"image":{"@id":"https:\/\/www.france.fi\/#\/schema\/logo\/image\/"},"sameAs":["https:\/\/www.facebook.com\/institutfrancaisfi","https:\/\/x.com\/IFFinlande","https:\/\/www.instagram.com\/iffinlande\/","https:\/\/fr.linkedin.com\/organization-guest\/company\/institut-fran-ais-de-finlande","https:\/\/www.youtube.com\/channel\/UCHAitdpmSbeP78eL49XMotA"]}]}},"_links":{"self":[{"href":"https:\/\/www.france.fi\/fr\/wp-json\/wp\/v2\/pages\/3427","targetHints":{"allow":["GET"]}}],"collection":[{"href":"https:\/\/www.france.fi\/fr\/wp-json\/wp\/v2\/pages"}],"about":[{"href":"https:\/\/www.france.fi\/fr\/wp-json\/wp\/v2\/types\/page"}],"author":[{"embeddable":true,"href":"https:\/\/www.france.fi\/fr\/wp-json\/wp\/v2\/users\/2"}],"replies":[{"embeddable":true,"href":"https:\/\/www.france.fi\/fr\/wp-json\/wp\/v2\/comments?post=3427"}],"version-history":[{"count":0,"href":"https:\/\/www.france.fi\/fr\/wp-json\/wp\/v2\/pages\/3427\/revisions"}],"up":[{"embeddable":true,"href":"https:\/\/www.france.fi\/fr\/wp-json\/wp\/v2\/pages\/2"}],"wp:featuredmedia":[{"embeddable":true,"href":"https:\/\/www.france.fi\/fr\/wp-json\/wp\/v2\/media\/24154"}],"wp:attachment":[{"href":"https:\/\/www.france.fi\/fr\/wp-json\/wp\/v2\/media?parent=3427"}],"curies":[{"name":"wp","href":"https:\/\/api.w.org\/{rel}","templated":true}]}}