{"id":347,"date":"2020-06-16T11:15:30","date_gmt":"2020-06-16T09:15:30","guid":{"rendered":"https:\/\/finlande.ifrancais.pp.smol.fr\/?page_id=347"},"modified":"2026-02-26T14:22:22","modified_gmt":"2026-02-26T12:22:22","slug":"education","status":"publish","type":"page","link":"https:\/\/www.france.fi\/fr\/education\/","title":{"rendered":"\u00c9ducation"},"content":{"rendered":"\n<p>De l\u2019\u00e9cole \u00e9l\u00e9mentaire aux \u00e9tudes sup\u00e9rieures, l\u2019Institut fran\u00e7ais de Finlande accompagne aussi bien les professeurs de fran\u00e7ais que les particuliers qui souhaitent apprendre le fran\u00e7ais \u00e0 l\u2019\u00e9cole ou poursuivre leurs \u00e9tudes en France.<\/p>\n<p><strong>Vous \u00eates \u00e9tudiant ou parent d\u2019\u00e9l\u00e8ve ?<\/strong> Vous trouverez ici toutes les informations relatives \u00e0 l\u2019apprentissage du fran\u00e7ais dans les \u00e9coles en Finlande, et aux cursus universitaires accessibles en France.<\/p>\n<p><strong>Vous \u00eates professeur de fran\u00e7ais dans une \u00e9cole finlandaise ?<\/strong> Nous mettons \u00e0 votre disposition un espace d\u00e9di\u00e9. En plus des ressources p\u00e9dagogiques, vous saurez tout sur les programmes d\u2019\u00e9change en France auxquels vos \u00e9l\u00e8ves peuvent participer.<\/p>\n<p>D\u00e9couvrez toutes les ressources ci-dessous !<\/p>\n","protected":false},"excerpt":{"rendered":"<p>De l\u2019\u00e9cole \u00e9l\u00e9mentaire aux \u00e9tudes sup\u00e9rieures, l\u2019Institut fran\u00e7ais de Finlande accompagne aussi bien les professeurs de fran\u00e7ais que les particuliers qui souhaitent apprendre le fran\u00e7ais \u00e0 l\u2019\u00e9cole ou poursuivre leurs \u00e9tudes en France. Vous \u00eates \u00e9tudiant ou parent d\u2019\u00e9l\u00e8ve ? Vous trouverez ici toutes les informations relatives \u00e0 l\u2019apprentissage du fran\u00e7ais dans les \u00e9coles en [&hellip;]<\/p>\n","protected":false},"author":2,"featured_media":0,"parent":0,"menu_order":0,"comment_status":"closed","ping_status":"closed","template":"","meta":{"footnotes":""},"class_list":["post-347","page","type-page","status-publish","hentry","no-media"],"yoast_head":"<!-- This site is optimized with the Yoast SEO plugin v27.4 - https:\/\/yoast.com\/product\/yoast-seo-wordpress\/ -->\n<title>\u00c9ducation - Institut fran\u00e7ais<\/title>\n<meta name=\"robots\" content=\"index, follow, max-snippet:-1, max-image-preview:large, max-video-preview:-1\" \/>\n<link rel=\"canonical\" href=\"https:\/\/www.france.fi\/fr\/education\/\" \/>\n<meta property=\"og:locale\" content=\"fr_FR\" \/>\n<meta property=\"og:type\" content=\"article\" \/>\n<meta property=\"og:title\" content=\"\u00c9ducation - Institut fran\u00e7ais\" \/>\n<meta property=\"og:description\" content=\"De l\u2019\u00e9cole \u00e9l\u00e9mentaire aux \u00e9tudes sup\u00e9rieures, l\u2019Institut fran\u00e7ais de Finlande accompagne aussi bien les professeurs de fran\u00e7ais que les particuliers qui souhaitent apprendre le fran\u00e7ais \u00e0 l\u2019\u00e9cole ou poursuivre leurs \u00e9tudes en France. Vous \u00eates \u00e9tudiant ou parent d\u2019\u00e9l\u00e8ve ? Vous trouverez ici toutes les informations relatives \u00e0 l\u2019apprentissage du fran\u00e7ais dans les \u00e9coles en [&hellip;]\" \/>\n<meta property=\"og:url\" content=\"https:\/\/www.france.fi\/fr\/education\/\" \/>\n<meta property=\"og:site_name\" content=\"Institut fran\u00e7ais\" \/>\n<meta property=\"article:publisher\" content=\"https:\/\/www.facebook.com\/institutfrancaisfi\" \/>\n<meta property=\"article:modified_time\" content=\"2026-02-26T12:22:22+00:00\" \/>\n<meta name=\"twitter:card\" content=\"summary_large_image\" \/>\n<meta name=\"twitter:site\" content=\"@IFFinlande\" \/>\n<meta name=\"twitter:label1\" content=\"Dur\u00e9e de lecture estim\u00e9e\" \/>\n\t<meta name=\"twitter:data1\" content=\"1 minute\" \/>\n<script type=\"application\/ld+json\" class=\"yoast-schema-graph\">{\"@context\":\"https:\\\/\\\/schema.org\",\"@graph\":[{\"@type\":\"WebPage\",\"@id\":\"https:\\\/\\\/www.france.fi\\\/fr\\\/education\\\/\",\"url\":\"https:\\\/\\\/www.france.fi\\\/fr\\\/education\\\/\",\"name\":\"\u00c9ducation - Institut fran\u00e7ais\",\"isPartOf\":{\"@id\":\"https:\\\/\\\/www.france.fi\\\/#website\"},\"datePublished\":\"2020-06-16T09:15:30+00:00\",\"dateModified\":\"2026-02-26T12:22:22+00:00\",\"breadcrumb\":{\"@id\":\"https:\\\/\\\/www.france.fi\\\/fr\\\/education\\\/#breadcrumb\"},\"inLanguage\":\"fr-FR\",\"potentialAction\":[{\"@type\":\"ReadAction\",\"target\":[\"https:\\\/\\\/www.france.fi\\\/fr\\\/education\\\/\"]}]},{\"@type\":\"BreadcrumbList\",\"@id\":\"https:\\\/\\\/www.france.fi\\\/fr\\\/education\\\/#breadcrumb\",\"itemListElement\":[{\"@type\":\"ListItem\",\"position\":1,\"name\":\"Home\",\"item\":\"https:\\\/\\\/www.france.fi\\\/fr\\\/\"},{\"@type\":\"ListItem\",\"position\":2,\"name\":\"\u00c9ducation\"}]},{\"@type\":\"WebSite\",\"@id\":\"https:\\\/\\\/www.france.fi\\\/#website\",\"url\":\"https:\\\/\\\/www.france.fi\\\/\",\"name\":\"Institut fran\u00e7ais de Finlande\",\"description\":\"\",\"publisher\":{\"@id\":\"https:\\\/\\\/www.france.fi\\\/#organization\"},\"potentialAction\":[{\"@type\":\"SearchAction\",\"target\":{\"@type\":\"EntryPoint\",\"urlTemplate\":\"https:\\\/\\\/www.france.fi\\\/?s={search_term_string}\"},\"query-input\":{\"@type\":\"PropertyValueSpecification\",\"valueRequired\":true,\"valueName\":\"search_term_string\"}}],\"inLanguage\":\"fr-FR\"},{\"@type\":\"Organization\",\"@id\":\"https:\\\/\\\/www.france.fi\\\/#organization\",\"name\":\"Institut fran\u00e7ais de Finlande\",\"url\":\"https:\\\/\\\/www.france.fi\\\/\",\"logo\":{\"@type\":\"ImageObject\",\"inLanguage\":\"fr-FR\",\"@id\":\"https:\\\/\\\/www.france.fi\\\/#\\\/schema\\\/logo\\\/image\\\/\",\"url\":\"https:\\\/\\\/www.france.fi\\\/wp-content\\\/uploads\\\/2024\\\/02\\\/if-logo-1.png\",\"contentUrl\":\"https:\\\/\\\/www.france.fi\\\/wp-content\\\/uploads\\\/2024\\\/02\\\/if-logo-1.png\",\"width\":687,\"height\":459,\"caption\":\"Institut fran\u00e7ais de Finlande\"},\"image\":{\"@id\":\"https:\\\/\\\/www.france.fi\\\/#\\\/schema\\\/logo\\\/image\\\/\"},\"sameAs\":[\"https:\\\/\\\/www.facebook.com\\\/institutfrancaisfi\",\"https:\\\/\\\/x.com\\\/IFFinlande\",\"https:\\\/\\\/www.instagram.com\\\/iffinlande\\\/\",\"https:\\\/\\\/fr.linkedin.com\\\/organization-guest\\\/company\\\/institut-fran-ais-de-finlande\",\"https:\\\/\\\/www.youtube.com\\\/channel\\\/UCHAitdpmSbeP78eL49XMotA\"]}]}<\/script>\n<!-- \/ Yoast SEO plugin. -->","yoast_head_json":{"title":"\u00c9ducation - Institut fran\u00e7ais","robots":{"index":"index","follow":"follow","max-snippet":"max-snippet:-1","max-image-preview":"max-image-preview:large","max-video-preview":"max-video-preview:-1"},"canonical":"https:\/\/www.france.fi\/fr\/education\/","og_locale":"fr_FR","og_type":"article","og_title":"\u00c9ducation - Institut fran\u00e7ais","og_description":"De l\u2019\u00e9cole \u00e9l\u00e9mentaire aux \u00e9tudes sup\u00e9rieures, l\u2019Institut fran\u00e7ais de Finlande accompagne aussi bien les professeurs de fran\u00e7ais que les particuliers qui souhaitent apprendre le fran\u00e7ais \u00e0 l\u2019\u00e9cole ou poursuivre leurs \u00e9tudes en France. Vous \u00eates \u00e9tudiant ou parent d\u2019\u00e9l\u00e8ve ? Vous trouverez ici toutes les informations relatives \u00e0 l\u2019apprentissage du fran\u00e7ais dans les \u00e9coles en [&hellip;]","og_url":"https:\/\/www.france.fi\/fr\/education\/","og_site_name":"Institut fran\u00e7ais","article_publisher":"https:\/\/www.facebook.com\/institutfrancaisfi","article_modified_time":"2026-02-26T12:22:22+00:00","twitter_card":"summary_large_image","twitter_site":"@IFFinlande","twitter_misc":{"Dur\u00e9e de lecture estim\u00e9e":"1 minute"},"schema":{"@context":"https:\/\/schema.org","@graph":[{"@type":"WebPage","@id":"https:\/\/www.france.fi\/fr\/education\/","url":"https:\/\/www.france.fi\/fr\/education\/","name":"\u00c9ducation - Institut fran\u00e7ais","isPartOf":{"@id":"https:\/\/www.france.fi\/#website"},"datePublished":"2020-06-16T09:15:30+00:00","dateModified":"2026-02-26T12:22:22+00:00","breadcrumb":{"@id":"https:\/\/www.france.fi\/fr\/education\/#breadcrumb"},"inLanguage":"fr-FR","potentialAction":[{"@type":"ReadAction","target":["https:\/\/www.france.fi\/fr\/education\/"]}]},{"@type":"BreadcrumbList","@id":"https:\/\/www.france.fi\/fr\/education\/#breadcrumb","itemListElement":[{"@type":"ListItem","position":1,"name":"Home","item":"https:\/\/www.france.fi\/fr\/"},{"@type":"ListItem","position":2,"name":"\u00c9ducation"}]},{"@type":"WebSite","@id":"https:\/\/www.france.fi\/#website","url":"https:\/\/www.france.fi\/","name":"Institut fran\u00e7ais de Finlande","description":"","publisher":{"@id":"https:\/\/www.france.fi\/#organization"},"potentialAction":[{"@type":"SearchAction","target":{"@type":"EntryPoint","urlTemplate":"https:\/\/www.france.fi\/?s={search_term_string}"},"query-input":{"@type":"PropertyValueSpecification","valueRequired":true,"valueName":"search_term_string"}}],"inLanguage":"fr-FR"},{"@type":"Organization","@id":"https:\/\/www.france.fi\/#organization","name":"Institut fran\u00e7ais de Finlande","url":"https:\/\/www.france.fi\/","logo":{"@type":"ImageObject","inLanguage":"fr-FR","@id":"https:\/\/www.france.fi\/#\/schema\/logo\/image\/","url":"https:\/\/www.france.fi\/wp-content\/uploads\/2024\/02\/if-logo-1.png","contentUrl":"https:\/\/www.france.fi\/wp-content\/uploads\/2024\/02\/if-logo-1.png","width":687,"height":459,"caption":"Institut fran\u00e7ais de Finlande"},"image":{"@id":"https:\/\/www.france.fi\/#\/schema\/logo\/image\/"},"sameAs":["https:\/\/www.facebook.com\/institutfrancaisfi","https:\/\/x.com\/IFFinlande","https:\/\/www.instagram.com\/iffinlande\/","https:\/\/fr.linkedin.com\/organization-guest\/company\/institut-fran-ais-de-finlande","https:\/\/www.youtube.com\/channel\/UCHAitdpmSbeP78eL49XMotA"]}]}},"_links":{"self":[{"href":"https:\/\/www.france.fi\/fr\/wp-json\/wp\/v2\/pages\/347","targetHints":{"allow":["GET"]}}],"collection":[{"href":"https:\/\/www.france.fi\/fr\/wp-json\/wp\/v2\/pages"}],"about":[{"href":"https:\/\/www.france.fi\/fr\/wp-json\/wp\/v2\/types\/page"}],"author":[{"embeddable":true,"href":"https:\/\/www.france.fi\/fr\/wp-json\/wp\/v2\/users\/2"}],"replies":[{"embeddable":true,"href":"https:\/\/www.france.fi\/fr\/wp-json\/wp\/v2\/comments?post=347"}],"version-history":[{"count":0,"href":"https:\/\/www.france.fi\/fr\/wp-json\/wp\/v2\/pages\/347\/revisions"}],"wp:attachment":[{"href":"https:\/\/www.france.fi\/fr\/wp-json\/wp\/v2\/media?parent=347"}],"curies":[{"name":"wp","href":"https:\/\/api.w.org\/{rel}","templated":true}]}}